{"id":1602,"date":"2022-10-13T21:00:00","date_gmt":"2022-10-13T21:00:00","guid":{"rendered":"https:\/\/www.ondasdejazz.com\/?post_type=artista&#038;p=1602"},"modified":"2023-11-20T05:42:54","modified_gmt":"2023-11-20T05:42:54","slug":"coloma-bertran-4tet-21-02-23","status":"publish","type":"artista","link":"https:\/\/www.ondasdejazz.com\/es\/artista\/coloma-bertran-4tet-21-02-23\/","title":{"rendered":"COLOMA BERTRAN 4TET &#8211; 21-02-23"},"content":{"rendered":"\n<p><strong>Coloma Bertran.<\/strong> Violinista y composi tora de jazz de esp\u00edritu ecl\u00e9ct ico. Formada en viol\u00edn cl\u00e1sico y contempor\u00e1neo en ESMuC en un entorno estimulante que desper t\u00f3 su curiosidad y sus inquietudes ar t \u00edst icas. Buscando ampliar su panorama musical, se traslada a Dammarie Les Lys (Francia) para estudiar viol\u00edn jazz en el Centre des Musiques Didier Lockwood. Es en Francia donde descubre su pasi\u00f3n por el jazz y por otras m\u00fasicas improvisadas y donde crea sus primeras composiciones, fuer temente inspiradas en la figura del que fue su maest ro, el prest igioso violinista franc\u00e9s Didier Lockwood. En 2020 Coloma Ber t ran debuta en solitario con \u00abNocturns i diamants\u00bb (Segell Microscopi, 2020) tras colaborar en proyectos musicales diversos como C\u00e0ntut &#8211; Belda &amp; Sanjosex, Les Violines, Guillem Roma, Elena Gadel, Sabor de Gr\u00e0cia, Obeses y Fundaci\u00f3n Tony Manero. Ya consagrada en la escena barcelonesa, Coloma Bertran presenta ahora \u00abPrincipis\u00bb (Segell Microscopi, 2022), una propuesta a cuar teto de jazz con influencias mul t icul turales en la que se acompa\u00f1a de m\u00fasicos de dilatada t rayectoria. El nuevo t rabajo discogr\u00e1fico se presentar\u00e1 en el audi torio L&#8217;At l\u00e0ntida de Vic en marzo de 2022.<\/p>\n\n\n\n<p><strong>La banda.<\/strong> Siguiendo su visi\u00f3n ar t \u00edst ica de amalgama, Coloma Ber t ran ha desarrollado un lenguaje propio en el que la conexi\u00f3n y la multicul turalidad son una constante. Su sonido poliestil\u00edst icomuest ra una fuer te personalidad tanto en escenario como en el estudio. Su m\u00fasica re\u00fane sonidos diversos y atemporales, que par ten del jazz, se acercan al bluegrass jugando con referencias a world music. Principis muestra un ident idad sonora personal marcada y \u00fanica. Coloma Ber tran Quar tet cuenta con m\u00fasicos reconocidos y con un amplio bagaje est il\u00edst ico.<\/p>\n\n\n\n<p><strong>Principis.<\/strong> \u00abPrincipis es la esencia, la ra\u00edz, el nacimiento, el origen, el primer momento, el fundamento, la \u00e9tica, es el coraz\u00f3n, el pensamiento, la verdad\u00bb. PRINCIPIS (Segell Microscopi, 2022) es el t\u00edtulo del segundo \u00e1lbum en solitario de Coloma Bertran. Un disco de jazz transcultural en el que estrena ocho composiciones propias, as\u00ed como el tema \u00abFiona&#8217;s in da house\u00bb del guitarrista Quim Abramo y una adaptaci\u00f3n muy personal de la c\u00e9lebre \u00abMy favorite things\u00bb de Richard Rodgers y Oscar Hammerstein. \u00abPrincipis\u00bb fue grabado por Jaume Figueres en Estudis Ground en julio de 2021 . Fue mezclado por Panxii Badii y masterizado por V\u00edctor Garc\u00eda en Ultramarinos Mastering.<\/p>\n\n\n\n<p><strong>Coloma Bertran: <\/strong>viol\u00edn<br><strong>Quim Abramo: <\/strong>guitarra el\u00e9ctrica<br><strong>Franco Molinari: <\/strong>contrabajo<br><strong>Joan Carles Aguerri: <\/strong>bater\u00eda<\/p>\n\n\n\n<p><\/p>\n\n\n\n<div class=\"wp-block-columns is-layout-flex wp-container-core-columns-is-layout-9d6595d7 wp-block-columns-is-layout-flex\">\n<div class=\"wp-block-column is-layout-flow wp-block-column-is-layout-flow\"><\/div>\n\n\n\n<div class=\"wp-block-column is-layout-flow wp-block-column-is-layout-flow\"><\/div>\n<\/div>\n","protected":false},"excerpt":{"rendered":"<p>Siguiendo su visi\u00f3n art\u00edstica de amalgama, Coloma Bertran ha desarrollado un lenguaje propio en el que la conexi\u00f3n y la multiculturalidad son un constante. Su m\u00fasica re\u00fane sonidos diversos y atemporales, Coloma Bertan Quartet cuenta con m\u00fasicos reconocidos y con un amplio bagaje estil\u00edstico. <\/p>\n","protected":false},"featured_media":1731,"template":"","categories":[78],"class_list":["post-1602","artista","type-artista","status-publish","has-post-thumbnail","hentry","category-2022-2023"],"acf":[],"yoast_head":"<!-- This site is optimized with the Yoast SEO plugin v27.5 - https:\/\/yoast.com\/product\/yoast-seo-wordpress\/ -->\n<title>COLOMA BERTRAN 4TET - 21-02-23 - Ondas de Jazz<\/title>\n<meta name=\"robots\" content=\"index, follow, max-snippet:-1, max-image-preview:large, max-video-preview:-1\" \/>\n<link rel=\"canonical\" href=\"https:\/\/www.ondasdejazz.com\/es\/artista\/coloma-bertran-4tet-21-02-23\/\" \/>\n<meta property=\"og:locale\" content=\"es_ES\" \/>\n<meta property=\"og:type\" content=\"article\" \/>\n<meta property=\"og:title\" content=\"COLOMA BERTRAN 4TET - 21-02-23 - Ondas de Jazz\" \/>\n<meta property=\"og:description\" content=\"Siguiendo su visi\u00f3n art\u00edstica de amalgama, Coloma Bertran ha desarrollado un lenguaje propio en el que la conexi\u00f3n y la multiculturalidad son un constante. Su m\u00fasica re\u00fane sonidos diversos y atemporales, Coloma Bertan Quartet cuenta con m\u00fasicos reconocidos y con un amplio bagaje estil\u00edstico.\" \/>\n<meta property=\"og:url\" content=\"https:\/\/www.ondasdejazz.com\/es\/artista\/coloma-bertran-4tet-21-02-23\/\" \/>\n<meta property=\"og:site_name\" content=\"Ondas de Jazz\" \/>\n<meta property=\"article:modified_time\" content=\"2023-11-20T05:42:54+00:00\" \/>\n<meta property=\"og:image\" content=\"https:\/\/www.ondasdejazz.com\/wp-content\/uploads\/2022\/10\/slider_coloma_bertran.jpg\" \/>\n\t<meta property=\"og:image:width\" content=\"1200\" \/>\n\t<meta property=\"og:image:height\" content=\"720\" \/>\n\t<meta property=\"og:image:type\" content=\"image\/jpeg\" \/>\n<meta name=\"twitter:card\" content=\"summary_large_image\" \/>\n<meta name=\"twitter:label1\" content=\"Tiempo de lectura\" \/>\n\t<meta name=\"twitter:data1\" content=\"2 minutos\" \/>\n<script type=\"application\/ld+json\" class=\"yoast-schema-graph\">{\"@context\":\"https:\\\/\\\/schema.org\",\"@graph\":[{\"@type\":\"WebPage\",\"@id\":\"https:\\\/\\\/www.ondasdejazz.com\\\/es\\\/artista\\\/coloma-bertran-4tet-21-02-23\\\/\",\"url\":\"https:\\\/\\\/www.ondasdejazz.com\\\/es\\\/artista\\\/coloma-bertran-4tet-21-02-23\\\/\",\"name\":\"COLOMA BERTRAN 4TET - 21-02-23 - Ondas de Jazz\",\"isPartOf\":{\"@id\":\"https:\\\/\\\/www.ondasdejazz.com\\\/es\\\/#website\"},\"primaryImageOfPage\":{\"@id\":\"https:\\\/\\\/www.ondasdejazz.com\\\/es\\\/artista\\\/coloma-bertran-4tet-21-02-23\\\/#primaryimage\"},\"image\":{\"@id\":\"https:\\\/\\\/www.ondasdejazz.com\\\/es\\\/artista\\\/coloma-bertran-4tet-21-02-23\\\/#primaryimage\"},\"thumbnailUrl\":\"https:\\\/\\\/www.ondasdejazz.com\\\/wp-content\\\/uploads\\\/2022\\\/10\\\/slider_coloma_bertran.jpg\",\"datePublished\":\"2022-10-13T21:00:00+00:00\",\"dateModified\":\"2023-11-20T05:42:54+00:00\",\"breadcrumb\":{\"@id\":\"https:\\\/\\\/www.ondasdejazz.com\\\/es\\\/artista\\\/coloma-bertran-4tet-21-02-23\\\/#breadcrumb\"},\"inLanguage\":\"es\",\"potentialAction\":[{\"@type\":\"ReadAction\",\"target\":[\"https:\\\/\\\/www.ondasdejazz.com\\\/es\\\/artista\\\/coloma-bertran-4tet-21-02-23\\\/\"]}]},{\"@type\":\"ImageObject\",\"inLanguage\":\"es\",\"@id\":\"https:\\\/\\\/www.ondasdejazz.com\\\/es\\\/artista\\\/coloma-bertran-4tet-21-02-23\\\/#primaryimage\",\"url\":\"https:\\\/\\\/www.ondasdejazz.com\\\/wp-content\\\/uploads\\\/2022\\\/10\\\/slider_coloma_bertran.jpg\",\"contentUrl\":\"https:\\\/\\\/www.ondasdejazz.com\\\/wp-content\\\/uploads\\\/2022\\\/10\\\/slider_coloma_bertran.jpg\",\"width\":1200,\"height\":720},{\"@type\":\"BreadcrumbList\",\"@id\":\"https:\\\/\\\/www.ondasdejazz.com\\\/es\\\/artista\\\/coloma-bertran-4tet-21-02-23\\\/#breadcrumb\",\"itemListElement\":[{\"@type\":\"ListItem\",\"position\":1,\"name\":\"Portada\",\"item\":\"https:\\\/\\\/www.ondasdejazz.com\\\/es\\\/inicio-asd32ewteq23\\\/\"},{\"@type\":\"ListItem\",\"position\":2,\"name\":\"COLOMA BERTRAN 4TET &#8211; 21-02-23\"}]},{\"@type\":\"WebSite\",\"@id\":\"https:\\\/\\\/www.ondasdejazz.com\\\/es\\\/#website\",\"url\":\"https:\\\/\\\/www.ondasdejazz.com\\\/es\\\/\",\"name\":\"Ondas de Jazz\",\"description\":\"Ondas de Jazz en la Ciudad\",\"potentialAction\":[{\"@type\":\"SearchAction\",\"target\":{\"@type\":\"EntryPoint\",\"urlTemplate\":\"https:\\\/\\\/www.ondasdejazz.com\\\/es\\\/?s={search_term_string}\"},\"query-input\":{\"@type\":\"PropertyValueSpecification\",\"valueRequired\":true,\"valueName\":\"search_term_string\"}}],\"inLanguage\":\"es\"}]}<\/script>\n<!-- \/ Yoast SEO plugin. -->","yoast_head_json":{"title":"COLOMA BERTRAN 4TET - 21-02-23 - Ondas de Jazz","robots":{"index":"index","follow":"follow","max-snippet":"max-snippet:-1","max-image-preview":"max-image-preview:large","max-video-preview":"max-video-preview:-1"},"canonical":"https:\/\/www.ondasdejazz.com\/es\/artista\/coloma-bertran-4tet-21-02-23\/","og_locale":"es_ES","og_type":"article","og_title":"COLOMA BERTRAN 4TET - 21-02-23 - Ondas de Jazz","og_description":"Siguiendo su visi\u00f3n art\u00edstica de amalgama, Coloma Bertran ha desarrollado un lenguaje propio en el que la conexi\u00f3n y la multiculturalidad son un constante. Su m\u00fasica re\u00fane sonidos diversos y atemporales, Coloma Bertan Quartet cuenta con m\u00fasicos reconocidos y con un amplio bagaje estil\u00edstico.","og_url":"https:\/\/www.ondasdejazz.com\/es\/artista\/coloma-bertran-4tet-21-02-23\/","og_site_name":"Ondas de Jazz","article_modified_time":"2023-11-20T05:42:54+00:00","og_image":[{"width":1200,"height":720,"url":"https:\/\/www.ondasdejazz.com\/wp-content\/uploads\/2022\/10\/slider_coloma_bertran.jpg","type":"image\/jpeg"}],"twitter_card":"summary_large_image","twitter_misc":{"Tiempo de lectura":"2 minutos"},"schema":{"@context":"https:\/\/schema.org","@graph":[{"@type":"WebPage","@id":"https:\/\/www.ondasdejazz.com\/es\/artista\/coloma-bertran-4tet-21-02-23\/","url":"https:\/\/www.ondasdejazz.com\/es\/artista\/coloma-bertran-4tet-21-02-23\/","name":"COLOMA BERTRAN 4TET - 21-02-23 - Ondas de Jazz","isPartOf":{"@id":"https:\/\/www.ondasdejazz.com\/es\/#website"},"primaryImageOfPage":{"@id":"https:\/\/www.ondasdejazz.com\/es\/artista\/coloma-bertran-4tet-21-02-23\/#primaryimage"},"image":{"@id":"https:\/\/www.ondasdejazz.com\/es\/artista\/coloma-bertran-4tet-21-02-23\/#primaryimage"},"thumbnailUrl":"https:\/\/www.ondasdejazz.com\/wp-content\/uploads\/2022\/10\/slider_coloma_bertran.jpg","datePublished":"2022-10-13T21:00:00+00:00","dateModified":"2023-11-20T05:42:54+00:00","breadcrumb":{"@id":"https:\/\/www.ondasdejazz.com\/es\/artista\/coloma-bertran-4tet-21-02-23\/#breadcrumb"},"inLanguage":"es","potentialAction":[{"@type":"ReadAction","target":["https:\/\/www.ondasdejazz.com\/es\/artista\/coloma-bertran-4tet-21-02-23\/"]}]},{"@type":"ImageObject","inLanguage":"es","@id":"https:\/\/www.ondasdejazz.com\/es\/artista\/coloma-bertran-4tet-21-02-23\/#primaryimage","url":"https:\/\/www.ondasdejazz.com\/wp-content\/uploads\/2022\/10\/slider_coloma_bertran.jpg","contentUrl":"https:\/\/www.ondasdejazz.com\/wp-content\/uploads\/2022\/10\/slider_coloma_bertran.jpg","width":1200,"height":720},{"@type":"BreadcrumbList","@id":"https:\/\/www.ondasdejazz.com\/es\/artista\/coloma-bertran-4tet-21-02-23\/#breadcrumb","itemListElement":[{"@type":"ListItem","position":1,"name":"Portada","item":"https:\/\/www.ondasdejazz.com\/es\/inicio-asd32ewteq23\/"},{"@type":"ListItem","position":2,"name":"COLOMA BERTRAN 4TET &#8211; 21-02-23"}]},{"@type":"WebSite","@id":"https:\/\/www.ondasdejazz.com\/es\/#website","url":"https:\/\/www.ondasdejazz.com\/es\/","name":"Ondas de Jazz","description":"Ondas de Jazz en la Ciudad","potentialAction":[{"@type":"SearchAction","target":{"@type":"EntryPoint","urlTemplate":"https:\/\/www.ondasdejazz.com\/es\/?s={search_term_string}"},"query-input":{"@type":"PropertyValueSpecification","valueRequired":true,"valueName":"search_term_string"}}],"inLanguage":"es"}]}},"_links":{"self":[{"href":"https:\/\/www.ondasdejazz.com\/es\/wp-json\/wp\/v2\/artista\/1602","targetHints":{"allow":["GET"]}}],"collection":[{"href":"https:\/\/www.ondasdejazz.com\/es\/wp-json\/wp\/v2\/artista"}],"about":[{"href":"https:\/\/www.ondasdejazz.com\/es\/wp-json\/wp\/v2\/types\/artista"}],"wp:featuredmedia":[{"embeddable":true,"href":"https:\/\/www.ondasdejazz.com\/es\/wp-json\/wp\/v2\/media\/1731"}],"wp:attachment":[{"href":"https:\/\/www.ondasdejazz.com\/es\/wp-json\/wp\/v2\/media?parent=1602"}],"wp:term":[{"taxonomy":"category","embeddable":true,"href":"https:\/\/www.ondasdejazz.com\/es\/wp-json\/wp\/v2\/categories?post=1602"}],"curies":[{"name":"wp","href":"https:\/\/api.w.org\/{rel}","templated":true}]}}