{"id":4996,"date":"2025-11-25T05:00:16","date_gmt":"2025-11-25T04:00:16","guid":{"rendered":"https:\/\/www.ondasdejazz.com\/?post_type=artista&#038;p=4996"},"modified":"2025-11-26T22:27:49","modified_gmt":"2025-11-26T21:27:49","slug":"juanma-montoya-20-01-2026","status":"publish","type":"artista","link":"https:\/\/www.ondasdejazz.com\/es\/artista\/juanma-montoya-20-01-2026\/","title":{"rendered":"Juanma Montoya &#8211; 20\/01\/2026"},"content":{"rendered":"\n<p><strong>Pasi\u00f3n, alma y flamenco contempor\u00e1neo<\/strong><\/p>\n\n\n\n<p>Juanma Montoya es un m\u00fasico y compositor que encarna la fuerza y la sensibilidad del nuevo flamenco. Heredero de una profunda tradici\u00f3n familiar y con un esp\u00edritu innovador, su m\u00fasica fusiona los sonidos m\u00e1s puros del flamenco con influencias modernas que van del jazz al pop, creando un lenguaje propio, lleno de emoci\u00f3n y autenticidad.<\/p>\n\n\n\n<p>En el escenario, Montoya desborda energ\u00eda, t\u00e9cnica y una conexi\u00f3n \u00fanica con el p\u00fablico. Su guitarra \u2014a veces \u00edntima, a veces incendiaria\u2014 invita a un viaje sonoro por las ra\u00edces y las nuevas formas del arte flamenco.<\/p>\n\n\n\n<p>Un concierto de Juanma Montoya no es solo una actuaci\u00f3n: es una experiencia para los sentidos, donde la pasi\u00f3n y la m\u00fasica se encuentran para contar historias que tocan el alma. Reconocimientos: M\u00fasico de sesi\u00f3n y de directo para Nathy Peluso, Javi Medina o Rels B.<\/p>\n\n\n\n<div style=\"height:45px\" aria-hidden=\"true\" class=\"wp-block-spacer\"><\/div>\n\n\n\n<figure class=\"wp-block-embed is-type-video is-provider-youtube wp-block-embed-youtube wp-embed-aspect-16-9 wp-has-aspect-ratio\"><div class=\"wp-block-embed__wrapper\">\n<iframe loading=\"lazy\" title=\"Juanma Montoya - Neotangos (Live Session)\" width=\"1080\" height=\"608\" src=\"https:\/\/www.youtube.com\/embed\/8VndE3IOhXs?feature=oembed\"  allow=\"accelerometer; autoplay; clipboard-write; encrypted-media; gyroscope; picture-in-picture; web-share\" referrerpolicy=\"strict-origin-when-cross-origin\" allowfullscreen><\/iframe>\n<\/div><\/figure>\n","protected":false},"excerpt":{"rendered":"<p>Pasi\u00f3n, alma y flamenco contempor\u00e1neo Juanma Montoya es un m\u00fasico y compositor que encarna la fuerza y la sensibilidad del nuevo flamenco. Heredero de una profunda tradici\u00f3n familiar y con un esp\u00edritu innovador, su m\u00fasica fusiona los sonidos m\u00e1s puros del flamenco con influencias modernas que van del jazz al pop, creando un lenguaje propio, [&hellip;]<\/p>\n","protected":false},"featured_media":5014,"template":"","categories":[86],"class_list":["post-4996","artista","type-artista","status-publish","has-post-thumbnail","hentry","category-2025-2026"],"acf":[],"yoast_head":"<!-- This site is optimized with the Yoast SEO plugin v27.5 - https:\/\/yoast.com\/product\/yoast-seo-wordpress\/ -->\n<title>Juanma Montoya - 20\/01\/2026 - Ondas de Jazz<\/title>\n<meta name=\"robots\" content=\"index, follow, max-snippet:-1, max-image-preview:large, max-video-preview:-1\" \/>\n<link rel=\"canonical\" href=\"https:\/\/www.ondasdejazz.com\/es\/artista\/juanma-montoya-20-01-2026\/\" \/>\n<meta property=\"og:locale\" content=\"es_ES\" \/>\n<meta property=\"og:type\" content=\"article\" \/>\n<meta property=\"og:title\" content=\"Juanma Montoya - 20\/01\/2026 - Ondas de Jazz\" \/>\n<meta property=\"og:description\" content=\"Pasi\u00f3n, alma y flamenco contempor\u00e1neo Juanma Montoya es un m\u00fasico y compositor que encarna la fuerza y la sensibilidad del nuevo flamenco. Heredero de una profunda tradici\u00f3n familiar y con un esp\u00edritu innovador, su m\u00fasica fusiona los sonidos m\u00e1s puros del flamenco con influencias modernas que van del jazz al pop, creando un lenguaje propio, [&hellip;]\" \/>\n<meta property=\"og:url\" content=\"https:\/\/www.ondasdejazz.com\/es\/artista\/juanma-montoya-20-01-2026\/\" \/>\n<meta property=\"og:site_name\" content=\"Ondas de Jazz\" \/>\n<meta property=\"article:modified_time\" content=\"2025-11-26T21:27:49+00:00\" \/>\n<meta property=\"og:image\" content=\"https:\/\/www.ondasdejazz.com\/wp-content\/uploads\/2025\/11\/juanma_montoya_20_ene_r.jpg\" \/>\n\t<meta property=\"og:image:width\" content=\"1200\" \/>\n\t<meta property=\"og:image:height\" content=\"640\" \/>\n\t<meta property=\"og:image:type\" content=\"image\/jpeg\" \/>\n<meta name=\"twitter:card\" content=\"summary_large_image\" \/>\n<meta name=\"twitter:label1\" content=\"Tiempo de lectura\" \/>\n\t<meta name=\"twitter:data1\" content=\"1 minuto\" \/>\n<script type=\"application\/ld+json\" class=\"yoast-schema-graph\">{\"@context\":\"https:\\\/\\\/schema.org\",\"@graph\":[{\"@type\":\"WebPage\",\"@id\":\"https:\\\/\\\/www.ondasdejazz.com\\\/es\\\/artista\\\/juanma-montoya-20-01-2026\\\/\",\"url\":\"https:\\\/\\\/www.ondasdejazz.com\\\/es\\\/artista\\\/juanma-montoya-20-01-2026\\\/\",\"name\":\"Juanma Montoya - 20\\\/01\\\/2026 - Ondas de Jazz\",\"isPartOf\":{\"@id\":\"https:\\\/\\\/www.ondasdejazz.com\\\/es\\\/#website\"},\"primaryImageOfPage\":{\"@id\":\"https:\\\/\\\/www.ondasdejazz.com\\\/es\\\/artista\\\/juanma-montoya-20-01-2026\\\/#primaryimage\"},\"image\":{\"@id\":\"https:\\\/\\\/www.ondasdejazz.com\\\/es\\\/artista\\\/juanma-montoya-20-01-2026\\\/#primaryimage\"},\"thumbnailUrl\":\"https:\\\/\\\/www.ondasdejazz.com\\\/wp-content\\\/uploads\\\/2025\\\/11\\\/juanma_montoya_20_ene_r.jpg\",\"datePublished\":\"2025-11-25T04:00:16+00:00\",\"dateModified\":\"2025-11-26T21:27:49+00:00\",\"breadcrumb\":{\"@id\":\"https:\\\/\\\/www.ondasdejazz.com\\\/es\\\/artista\\\/juanma-montoya-20-01-2026\\\/#breadcrumb\"},\"inLanguage\":\"es\",\"potentialAction\":[{\"@type\":\"ReadAction\",\"target\":[\"https:\\\/\\\/www.ondasdejazz.com\\\/es\\\/artista\\\/juanma-montoya-20-01-2026\\\/\"]}]},{\"@type\":\"ImageObject\",\"inLanguage\":\"es\",\"@id\":\"https:\\\/\\\/www.ondasdejazz.com\\\/es\\\/artista\\\/juanma-montoya-20-01-2026\\\/#primaryimage\",\"url\":\"https:\\\/\\\/www.ondasdejazz.com\\\/wp-content\\\/uploads\\\/2025\\\/11\\\/juanma_montoya_20_ene_r.jpg\",\"contentUrl\":\"https:\\\/\\\/www.ondasdejazz.com\\\/wp-content\\\/uploads\\\/2025\\\/11\\\/juanma_montoya_20_ene_r.jpg\",\"width\":1200,\"height\":640},{\"@type\":\"BreadcrumbList\",\"@id\":\"https:\\\/\\\/www.ondasdejazz.com\\\/es\\\/artista\\\/juanma-montoya-20-01-2026\\\/#breadcrumb\",\"itemListElement\":[{\"@type\":\"ListItem\",\"position\":1,\"name\":\"Portada\",\"item\":\"https:\\\/\\\/www.ondasdejazz.com\\\/es\\\/inicio-asd32ewteq23\\\/\"},{\"@type\":\"ListItem\",\"position\":2,\"name\":\"Juanma Montoya &#8211; 20\\\/01\\\/2026\"}]},{\"@type\":\"WebSite\",\"@id\":\"https:\\\/\\\/www.ondasdejazz.com\\\/es\\\/#website\",\"url\":\"https:\\\/\\\/www.ondasdejazz.com\\\/es\\\/\",\"name\":\"Ondas de Jazz\",\"description\":\"Ondas de Jazz en la Ciudad\",\"potentialAction\":[{\"@type\":\"SearchAction\",\"target\":{\"@type\":\"EntryPoint\",\"urlTemplate\":\"https:\\\/\\\/www.ondasdejazz.com\\\/es\\\/?s={search_term_string}\"},\"query-input\":{\"@type\":\"PropertyValueSpecification\",\"valueRequired\":true,\"valueName\":\"search_term_string\"}}],\"inLanguage\":\"es\"}]}<\/script>\n<!-- \/ Yoast SEO plugin. -->","yoast_head_json":{"title":"Juanma Montoya - 20\/01\/2026 - Ondas de Jazz","robots":{"index":"index","follow":"follow","max-snippet":"max-snippet:-1","max-image-preview":"max-image-preview:large","max-video-preview":"max-video-preview:-1"},"canonical":"https:\/\/www.ondasdejazz.com\/es\/artista\/juanma-montoya-20-01-2026\/","og_locale":"es_ES","og_type":"article","og_title":"Juanma Montoya - 20\/01\/2026 - Ondas de Jazz","og_description":"Pasi\u00f3n, alma y flamenco contempor\u00e1neo Juanma Montoya es un m\u00fasico y compositor que encarna la fuerza y la sensibilidad del nuevo flamenco. Heredero de una profunda tradici\u00f3n familiar y con un esp\u00edritu innovador, su m\u00fasica fusiona los sonidos m\u00e1s puros del flamenco con influencias modernas que van del jazz al pop, creando un lenguaje propio, [&hellip;]","og_url":"https:\/\/www.ondasdejazz.com\/es\/artista\/juanma-montoya-20-01-2026\/","og_site_name":"Ondas de Jazz","article_modified_time":"2025-11-26T21:27:49+00:00","og_image":[{"width":1200,"height":640,"url":"https:\/\/www.ondasdejazz.com\/wp-content\/uploads\/2025\/11\/juanma_montoya_20_ene_r.jpg","type":"image\/jpeg"}],"twitter_card":"summary_large_image","twitter_misc":{"Tiempo de lectura":"1 minuto"},"schema":{"@context":"https:\/\/schema.org","@graph":[{"@type":"WebPage","@id":"https:\/\/www.ondasdejazz.com\/es\/artista\/juanma-montoya-20-01-2026\/","url":"https:\/\/www.ondasdejazz.com\/es\/artista\/juanma-montoya-20-01-2026\/","name":"Juanma Montoya - 20\/01\/2026 - Ondas de Jazz","isPartOf":{"@id":"https:\/\/www.ondasdejazz.com\/es\/#website"},"primaryImageOfPage":{"@id":"https:\/\/www.ondasdejazz.com\/es\/artista\/juanma-montoya-20-01-2026\/#primaryimage"},"image":{"@id":"https:\/\/www.ondasdejazz.com\/es\/artista\/juanma-montoya-20-01-2026\/#primaryimage"},"thumbnailUrl":"https:\/\/www.ondasdejazz.com\/wp-content\/uploads\/2025\/11\/juanma_montoya_20_ene_r.jpg","datePublished":"2025-11-25T04:00:16+00:00","dateModified":"2025-11-26T21:27:49+00:00","breadcrumb":{"@id":"https:\/\/www.ondasdejazz.com\/es\/artista\/juanma-montoya-20-01-2026\/#breadcrumb"},"inLanguage":"es","potentialAction":[{"@type":"ReadAction","target":["https:\/\/www.ondasdejazz.com\/es\/artista\/juanma-montoya-20-01-2026\/"]}]},{"@type":"ImageObject","inLanguage":"es","@id":"https:\/\/www.ondasdejazz.com\/es\/artista\/juanma-montoya-20-01-2026\/#primaryimage","url":"https:\/\/www.ondasdejazz.com\/wp-content\/uploads\/2025\/11\/juanma_montoya_20_ene_r.jpg","contentUrl":"https:\/\/www.ondasdejazz.com\/wp-content\/uploads\/2025\/11\/juanma_montoya_20_ene_r.jpg","width":1200,"height":640},{"@type":"BreadcrumbList","@id":"https:\/\/www.ondasdejazz.com\/es\/artista\/juanma-montoya-20-01-2026\/#breadcrumb","itemListElement":[{"@type":"ListItem","position":1,"name":"Portada","item":"https:\/\/www.ondasdejazz.com\/es\/inicio-asd32ewteq23\/"},{"@type":"ListItem","position":2,"name":"Juanma Montoya &#8211; 20\/01\/2026"}]},{"@type":"WebSite","@id":"https:\/\/www.ondasdejazz.com\/es\/#website","url":"https:\/\/www.ondasdejazz.com\/es\/","name":"Ondas de Jazz","description":"Ondas de Jazz en la Ciudad","potentialAction":[{"@type":"SearchAction","target":{"@type":"EntryPoint","urlTemplate":"https:\/\/www.ondasdejazz.com\/es\/?s={search_term_string}"},"query-input":{"@type":"PropertyValueSpecification","valueRequired":true,"valueName":"search_term_string"}}],"inLanguage":"es"}]}},"_links":{"self":[{"href":"https:\/\/www.ondasdejazz.com\/es\/wp-json\/wp\/v2\/artista\/4996","targetHints":{"allow":["GET"]}}],"collection":[{"href":"https:\/\/www.ondasdejazz.com\/es\/wp-json\/wp\/v2\/artista"}],"about":[{"href":"https:\/\/www.ondasdejazz.com\/es\/wp-json\/wp\/v2\/types\/artista"}],"wp:featuredmedia":[{"embeddable":true,"href":"https:\/\/www.ondasdejazz.com\/es\/wp-json\/wp\/v2\/media\/5014"}],"wp:attachment":[{"href":"https:\/\/www.ondasdejazz.com\/es\/wp-json\/wp\/v2\/media?parent=4996"}],"wp:term":[{"taxonomy":"category","embeddable":true,"href":"https:\/\/www.ondasdejazz.com\/es\/wp-json\/wp\/v2\/categories?post=4996"}],"curies":[{"name":"wp","href":"https:\/\/api.w.org\/{rel}","templated":true}]}}