{"id":4998,"date":"2025-11-25T03:00:59","date_gmt":"2025-11-25T02:00:59","guid":{"rendered":"https:\/\/www.ondasdejazz.com\/?post_type=artista&#038;p=4998"},"modified":"2025-11-25T19:16:56","modified_gmt":"2025-11-25T18:16:56","slug":"big-bands-escuela-musica-luis-aramburu-jesus-guridi-10-03-2026","status":"publish","type":"artista","link":"https:\/\/www.ondasdejazz.com\/es\/artista\/big-bands-escuela-musica-luis-aramburu-jesus-guridi-10-03-2026\/","title":{"rendered":"Big Bands Escuela M\u00fasica Luis Aramburu &amp; Jes\u00fas Guridi &#8211; 10\/03\/2026"},"content":{"rendered":"\n<p>En esta sesi\u00f3n especial, las Big Bands de la Escuela Municipal de M\u00fasica Luis Aramburu y del Conservatorio Jes\u00fas Guridi se suben al escenario para mostrar el trabajo realizado a lo largo del curso. J\u00f3venes int\u00e9rpretes, bajo la direcci\u00f3n de su profesorado, interpretan un repertorio vibrante que combina cl\u00e1sicos del swing con piezas contempor\u00e1neas. Es una oportunidad para ver c\u00f3mo el jazz se transmite y se transforma en las nuevas generaciones, en un formato colectivo que encarna la energ\u00eda, la escucha y el juego que definen esta m\u00fasica.<\/p>\n","protected":false},"excerpt":{"rendered":"<p>En esta sesi\u00f3n especial, las Big Bands de la Escuela Municipal de M\u00fasica Luis Aramburu y del Conservatorio Jes\u00fas Guridi se suben al escenario para mostrar el trabajo realizado a lo largo del curso. J\u00f3venes int\u00e9rpretes, bajo la direcci\u00f3n de su profesorado, interpretan un repertorio vibrante que combina cl\u00e1sicos del swing con piezas contempor\u00e1neas. Es [&hellip;]<\/p>\n","protected":false},"featured_media":5011,"template":"","categories":[86],"class_list":["post-4998","artista","type-artista","status-publish","has-post-thumbnail","hentry","category-2025-2026"],"acf":[],"yoast_head":"<!-- This site is optimized with the Yoast SEO plugin v27.5 - https:\/\/yoast.com\/product\/yoast-seo-wordpress\/ -->\n<title>Big Bands Escuela M\u00fasica Luis Aramburu &amp; Jes\u00fas Guridi - 10\/03\/2026 - Ondas de Jazz<\/title>\n<meta name=\"robots\" content=\"index, follow, max-snippet:-1, max-image-preview:large, max-video-preview:-1\" \/>\n<link rel=\"canonical\" href=\"https:\/\/www.ondasdejazz.com\/es\/artista\/big-bands-escuela-musica-luis-aramburu-jesus-guridi-10-03-2026\/\" \/>\n<meta property=\"og:locale\" content=\"es_ES\" \/>\n<meta property=\"og:type\" content=\"article\" \/>\n<meta property=\"og:title\" content=\"Big Bands Escuela M\u00fasica Luis Aramburu &amp; Jes\u00fas Guridi - 10\/03\/2026 - Ondas de Jazz\" \/>\n<meta property=\"og:description\" content=\"En esta sesi\u00f3n especial, las Big Bands de la Escuela Municipal de M\u00fasica Luis Aramburu y del Conservatorio Jes\u00fas Guridi se suben al escenario para mostrar el trabajo realizado a lo largo del curso. J\u00f3venes int\u00e9rpretes, bajo la direcci\u00f3n de su profesorado, interpretan un repertorio vibrante que combina cl\u00e1sicos del swing con piezas contempor\u00e1neas. Es [&hellip;]\" \/>\n<meta property=\"og:url\" content=\"https:\/\/www.ondasdejazz.com\/es\/artista\/big-bands-escuela-musica-luis-aramburu-jesus-guridi-10-03-2026\/\" \/>\n<meta property=\"og:site_name\" content=\"Ondas de Jazz\" \/>\n<meta property=\"article:modified_time\" content=\"2025-11-25T18:16:56+00:00\" \/>\n<meta property=\"og:image\" content=\"https:\/\/www.ondasdejazz.com\/wp-content\/uploads\/2025\/11\/big_bands_17_feb_r.jpg\" \/>\n\t<meta property=\"og:image:width\" content=\"1200\" \/>\n\t<meta property=\"og:image:height\" content=\"640\" \/>\n\t<meta property=\"og:image:type\" content=\"image\/jpeg\" \/>\n<meta name=\"twitter:card\" content=\"summary_large_image\" \/>\n<meta name=\"twitter:label1\" content=\"Tiempo de lectura\" \/>\n\t<meta name=\"twitter:data1\" content=\"1 minuto\" \/>\n<script type=\"application\/ld+json\" class=\"yoast-schema-graph\">{\"@context\":\"https:\\\/\\\/schema.org\",\"@graph\":[{\"@type\":\"WebPage\",\"@id\":\"https:\\\/\\\/www.ondasdejazz.com\\\/es\\\/artista\\\/big-bands-escuela-musica-luis-aramburu-jesus-guridi-10-03-2026\\\/\",\"url\":\"https:\\\/\\\/www.ondasdejazz.com\\\/es\\\/artista\\\/big-bands-escuela-musica-luis-aramburu-jesus-guridi-10-03-2026\\\/\",\"name\":\"Big Bands Escuela M\u00fasica Luis Aramburu &amp; Jes\u00fas Guridi - 10\\\/03\\\/2026 - Ondas de Jazz\",\"isPartOf\":{\"@id\":\"https:\\\/\\\/www.ondasdejazz.com\\\/es\\\/#website\"},\"primaryImageOfPage\":{\"@id\":\"https:\\\/\\\/www.ondasdejazz.com\\\/es\\\/artista\\\/big-bands-escuela-musica-luis-aramburu-jesus-guridi-10-03-2026\\\/#primaryimage\"},\"image\":{\"@id\":\"https:\\\/\\\/www.ondasdejazz.com\\\/es\\\/artista\\\/big-bands-escuela-musica-luis-aramburu-jesus-guridi-10-03-2026\\\/#primaryimage\"},\"thumbnailUrl\":\"https:\\\/\\\/www.ondasdejazz.com\\\/wp-content\\\/uploads\\\/2025\\\/11\\\/big_bands_17_feb_r.jpg\",\"datePublished\":\"2025-11-25T02:00:59+00:00\",\"dateModified\":\"2025-11-25T18:16:56+00:00\",\"breadcrumb\":{\"@id\":\"https:\\\/\\\/www.ondasdejazz.com\\\/es\\\/artista\\\/big-bands-escuela-musica-luis-aramburu-jesus-guridi-10-03-2026\\\/#breadcrumb\"},\"inLanguage\":\"es\",\"potentialAction\":[{\"@type\":\"ReadAction\",\"target\":[\"https:\\\/\\\/www.ondasdejazz.com\\\/es\\\/artista\\\/big-bands-escuela-musica-luis-aramburu-jesus-guridi-10-03-2026\\\/\"]}]},{\"@type\":\"ImageObject\",\"inLanguage\":\"es\",\"@id\":\"https:\\\/\\\/www.ondasdejazz.com\\\/es\\\/artista\\\/big-bands-escuela-musica-luis-aramburu-jesus-guridi-10-03-2026\\\/#primaryimage\",\"url\":\"https:\\\/\\\/www.ondasdejazz.com\\\/wp-content\\\/uploads\\\/2025\\\/11\\\/big_bands_17_feb_r.jpg\",\"contentUrl\":\"https:\\\/\\\/www.ondasdejazz.com\\\/wp-content\\\/uploads\\\/2025\\\/11\\\/big_bands_17_feb_r.jpg\",\"width\":1200,\"height\":640},{\"@type\":\"BreadcrumbList\",\"@id\":\"https:\\\/\\\/www.ondasdejazz.com\\\/es\\\/artista\\\/big-bands-escuela-musica-luis-aramburu-jesus-guridi-10-03-2026\\\/#breadcrumb\",\"itemListElement\":[{\"@type\":\"ListItem\",\"position\":1,\"name\":\"Portada\",\"item\":\"https:\\\/\\\/www.ondasdejazz.com\\\/es\\\/inicio-asd32ewteq23\\\/\"},{\"@type\":\"ListItem\",\"position\":2,\"name\":\"Big Bands Escuela M\u00fasica Luis Aramburu &amp; Jes\u00fas Guridi &#8211; 10\\\/03\\\/2026\"}]},{\"@type\":\"WebSite\",\"@id\":\"https:\\\/\\\/www.ondasdejazz.com\\\/es\\\/#website\",\"url\":\"https:\\\/\\\/www.ondasdejazz.com\\\/es\\\/\",\"name\":\"Ondas de Jazz\",\"description\":\"Ondas de Jazz en la Ciudad\",\"potentialAction\":[{\"@type\":\"SearchAction\",\"target\":{\"@type\":\"EntryPoint\",\"urlTemplate\":\"https:\\\/\\\/www.ondasdejazz.com\\\/es\\\/?s={search_term_string}\"},\"query-input\":{\"@type\":\"PropertyValueSpecification\",\"valueRequired\":true,\"valueName\":\"search_term_string\"}}],\"inLanguage\":\"es\"}]}<\/script>\n<!-- \/ Yoast SEO plugin. -->","yoast_head_json":{"title":"Big Bands Escuela M\u00fasica Luis Aramburu &amp; Jes\u00fas Guridi - 10\/03\/2026 - Ondas de Jazz","robots":{"index":"index","follow":"follow","max-snippet":"max-snippet:-1","max-image-preview":"max-image-preview:large","max-video-preview":"max-video-preview:-1"},"canonical":"https:\/\/www.ondasdejazz.com\/es\/artista\/big-bands-escuela-musica-luis-aramburu-jesus-guridi-10-03-2026\/","og_locale":"es_ES","og_type":"article","og_title":"Big Bands Escuela M\u00fasica Luis Aramburu &amp; Jes\u00fas Guridi - 10\/03\/2026 - Ondas de Jazz","og_description":"En esta sesi\u00f3n especial, las Big Bands de la Escuela Municipal de M\u00fasica Luis Aramburu y del Conservatorio Jes\u00fas Guridi se suben al escenario para mostrar el trabajo realizado a lo largo del curso. J\u00f3venes int\u00e9rpretes, bajo la direcci\u00f3n de su profesorado, interpretan un repertorio vibrante que combina cl\u00e1sicos del swing con piezas contempor\u00e1neas. Es [&hellip;]","og_url":"https:\/\/www.ondasdejazz.com\/es\/artista\/big-bands-escuela-musica-luis-aramburu-jesus-guridi-10-03-2026\/","og_site_name":"Ondas de Jazz","article_modified_time":"2025-11-25T18:16:56+00:00","og_image":[{"width":1200,"height":640,"url":"https:\/\/www.ondasdejazz.com\/wp-content\/uploads\/2025\/11\/big_bands_17_feb_r.jpg","type":"image\/jpeg"}],"twitter_card":"summary_large_image","twitter_misc":{"Tiempo de lectura":"1 minuto"},"schema":{"@context":"https:\/\/schema.org","@graph":[{"@type":"WebPage","@id":"https:\/\/www.ondasdejazz.com\/es\/artista\/big-bands-escuela-musica-luis-aramburu-jesus-guridi-10-03-2026\/","url":"https:\/\/www.ondasdejazz.com\/es\/artista\/big-bands-escuela-musica-luis-aramburu-jesus-guridi-10-03-2026\/","name":"Big Bands Escuela M\u00fasica Luis Aramburu &amp; Jes\u00fas Guridi - 10\/03\/2026 - Ondas de Jazz","isPartOf":{"@id":"https:\/\/www.ondasdejazz.com\/es\/#website"},"primaryImageOfPage":{"@id":"https:\/\/www.ondasdejazz.com\/es\/artista\/big-bands-escuela-musica-luis-aramburu-jesus-guridi-10-03-2026\/#primaryimage"},"image":{"@id":"https:\/\/www.ondasdejazz.com\/es\/artista\/big-bands-escuela-musica-luis-aramburu-jesus-guridi-10-03-2026\/#primaryimage"},"thumbnailUrl":"https:\/\/www.ondasdejazz.com\/wp-content\/uploads\/2025\/11\/big_bands_17_feb_r.jpg","datePublished":"2025-11-25T02:00:59+00:00","dateModified":"2025-11-25T18:16:56+00:00","breadcrumb":{"@id":"https:\/\/www.ondasdejazz.com\/es\/artista\/big-bands-escuela-musica-luis-aramburu-jesus-guridi-10-03-2026\/#breadcrumb"},"inLanguage":"es","potentialAction":[{"@type":"ReadAction","target":["https:\/\/www.ondasdejazz.com\/es\/artista\/big-bands-escuela-musica-luis-aramburu-jesus-guridi-10-03-2026\/"]}]},{"@type":"ImageObject","inLanguage":"es","@id":"https:\/\/www.ondasdejazz.com\/es\/artista\/big-bands-escuela-musica-luis-aramburu-jesus-guridi-10-03-2026\/#primaryimage","url":"https:\/\/www.ondasdejazz.com\/wp-content\/uploads\/2025\/11\/big_bands_17_feb_r.jpg","contentUrl":"https:\/\/www.ondasdejazz.com\/wp-content\/uploads\/2025\/11\/big_bands_17_feb_r.jpg","width":1200,"height":640},{"@type":"BreadcrumbList","@id":"https:\/\/www.ondasdejazz.com\/es\/artista\/big-bands-escuela-musica-luis-aramburu-jesus-guridi-10-03-2026\/#breadcrumb","itemListElement":[{"@type":"ListItem","position":1,"name":"Portada","item":"https:\/\/www.ondasdejazz.com\/es\/inicio-asd32ewteq23\/"},{"@type":"ListItem","position":2,"name":"Big Bands Escuela M\u00fasica Luis Aramburu &amp; Jes\u00fas Guridi &#8211; 10\/03\/2026"}]},{"@type":"WebSite","@id":"https:\/\/www.ondasdejazz.com\/es\/#website","url":"https:\/\/www.ondasdejazz.com\/es\/","name":"Ondas de Jazz","description":"Ondas de Jazz en la Ciudad","potentialAction":[{"@type":"SearchAction","target":{"@type":"EntryPoint","urlTemplate":"https:\/\/www.ondasdejazz.com\/es\/?s={search_term_string}"},"query-input":{"@type":"PropertyValueSpecification","valueRequired":true,"valueName":"search_term_string"}}],"inLanguage":"es"}]}},"_links":{"self":[{"href":"https:\/\/www.ondasdejazz.com\/es\/wp-json\/wp\/v2\/artista\/4998","targetHints":{"allow":["GET"]}}],"collection":[{"href":"https:\/\/www.ondasdejazz.com\/es\/wp-json\/wp\/v2\/artista"}],"about":[{"href":"https:\/\/www.ondasdejazz.com\/es\/wp-json\/wp\/v2\/types\/artista"}],"wp:featuredmedia":[{"embeddable":true,"href":"https:\/\/www.ondasdejazz.com\/es\/wp-json\/wp\/v2\/media\/5011"}],"wp:attachment":[{"href":"https:\/\/www.ondasdejazz.com\/es\/wp-json\/wp\/v2\/media?parent=4998"}],"wp:term":[{"taxonomy":"category","embeddable":true,"href":"https:\/\/www.ondasdejazz.com\/es\/wp-json\/wp\/v2\/categories?post=4998"}],"curies":[{"name":"wp","href":"https:\/\/api.w.org\/{rel}","templated":true}]}}