{"id":1545,"date":"2022-10-13T12:51:53","date_gmt":"2022-10-13T12:51:53","guid":{"rendered":"https:\/\/www.ondasdejazz.com\/?page_id=1545"},"modified":"2023-03-23T12:12:43","modified_gmt":"2023-03-23T12:12:43","slug":"ondas-de-jazz","status":"publish","type":"page","link":"https:\/\/www.ondasdejazz.com\/es\/ondas-de-jazz\/","title":{"rendered":"Ondas de Jazz"},"content":{"rendered":"<p>[et_pb_section fb_built=\u00bb1&#8243; _builder_version=\u00bb4.18.0&#8243; _module_preset=\u00bbdefault\u00bb background_color=\u00bb#c21631&#8243; global_colors_info=\u00bb{}\u00bb][et_pb_row _builder_version=\u00bb4.18.0&#8243; _module_preset=\u00bbdefault\u00bb global_colors_info=\u00bb{}\u00bb][et_pb_column type=\u00bb4_4&#8243; _builder_version=\u00bb4.18.0&#8243; _module_preset=\u00bbdefault\u00bb global_colors_info=\u00bb{}\u00bb][et_pb_text _builder_version=\u00bb4.18.0&#8243; _module_preset=\u00bbdefault\u00bb header_text_color=\u00bb#FFFFFF\u00bb global_colors_info=\u00bb{}\u00bb]<\/p>\n<h1>\u00bfQ\u00fae es Ondas de Jazz?<\/h1>\n<p>[\/et_pb_text][\/et_pb_column][\/et_pb_row][\/et_pb_section][et_pb_section fb_built=\u00bb1&#8243; _builder_version=\u00bb4.18.0&#8243; _module_preset=\u00bbdefault\u00bb global_colors_info=\u00bb{}\u00bb][et_pb_row column_structure=\u00bb1_2,1_2&#8243; _builder_version=\u00bb4.18.0&#8243; _module_preset=\u00bbdefault\u00bb global_colors_info=\u00bb{}\u00bb][et_pb_column type=\u00bb1_2&#8243; _builder_version=\u00bb4.18.0&#8243; _module_preset=\u00bbdefault\u00bb global_colors_info=\u00bb{}\u00bb][et_pb_image src=\u00bbhttps:\/\/www.ondasdejazz.com\/wp-content\/uploads\/2022\/09\/Cartel_OndasdeJazz_2022-23.png\u00bb title_text=\u00bbCartel Ondas de Jazz 2022-23&#8243; _builder_version=\u00bb4.18.0&#8243; _module_preset=\u00bbdefault\u00bb global_colors_info=\u00bb{}\u00bb][\/et_pb_image][\/et_pb_column][et_pb_column type=\u00bb1_2&#8243; _builder_version=\u00bb4.18.0&#8243; _module_preset=\u00bbdefault\u00bb global_colors_info=\u00bb{}\u00bb][et_pb_text _builder_version=\u00bb4.18.0&#8243; _module_preset=\u00bbdefault\u00bb hover_enabled=\u00bb0&#8243; global_colors_info=\u00bb{}\u00bb sticky_enabled=\u00bb0&#8243;]<\/p>\n<p><span style=\"font-weight: 400;\">La <\/span><b>Asociacio\u0301n Cultural Jazzargia<\/b><span style=\"font-weight: 400;\">, es una asociaci<\/span><span style=\"font-weight: 400;\">\u00f3<\/span><span style=\"font-weight: 400;\">n sin <\/span><span style=\"font-weight: 400;\">\u00e1<\/span><span style=\"font-weight: 400;\">nimo de lucro constituida hace 16 an\u0303os con el objetivo de difundir la cultura del jazz en todas sus formas.\u00a0 La junta la constituyen personas de muy distintos cortes culturales y sociales: escritores, periodistas, m<\/span><span style=\"font-weight: 400;\">\u00fa<\/span><span style=\"font-weight: 400;\">sicos y compositores, productores, etc&#8230;<\/span><\/p>\n<p><span style=\"font-weight: 400;\">Nuestro mayor inter\u00e9s, como miembros de la asociaci\u00f3n, es fomentar la afici\u00f3n a este lenguaje musical que es el jazz en todas sus formas. En este sentido, podemos definirnos como una asociaci\u00f3n de aficionados y amantes del g\u00e9nero en primera instancia.<\/span><\/p>\n<p><span style=\"font-weight: 400;\">\u00a0<\/span><b>PROYECTOS\u00a0<\/b><\/p>\n<p><span style=\"font-weight: 400;\">\u00a0<\/span><span style=\"font-weight: 400;\">1<\/span><span style=\"font-weight: 400;\">\u00a0 <\/span><b>Catedral Santa Mar<\/b><b>\u00eda<\/b><span style=\"font-weight: 400;\">: Llevamos programando el espacio \u201cAbierto por Concierto\u201d, proyecto de la Fundaci\u00f3n Catedral Santa Mar\u00eda, desde el 2018 llevando al P\u00f3rtico de la Luz, un programa muy transformado y diferente.<\/span><\/p>\n<p><span style=\"font-weight: 400;\">\u00a0<\/span><span style=\"font-weight: 400;\">2<\/span><span style=\"font-weight: 400;\">\u00a0 <\/span><b>Revista Jazzargia: <\/b><span style=\"font-weight: 400;\">bimensualmente se encartaban 35.000 ejemplares, Diario Noticias de <\/span><span style=\"font-weight: 400;\">\u00c1<\/span><span style=\"font-weight: 400;\">lava, siendo un referente jazz en papel en Vitoria-Gasteiz y el territorio Alav<\/span><span style=\"font-weight: 400;\">\u00e9<\/span><span style=\"font-weight: 400;\">s.<\/span><\/p>\n<p><span style=\"font-weight: 400;\">\u00a0<\/span><span style=\"font-weight: 400;\">3<\/span><span style=\"font-weight: 400;\">\u00a0 <\/span><b>Concurso de Grupos de Jazz: <\/b><span style=\"font-weight: 400;\">Por primera y durante tres d<\/span><span style=\"font-weight: 400;\">\u00ed<\/span><span style=\"font-weight: 400;\">as de julio el jazz saltaba a la provincia de mano de Jazzargia, gracias al acuerdo con la Bodega y el Hotel Marqu<\/span><span style=\"font-weight: 400;\">\u00e9<\/span><span style=\"font-weight: 400;\">s de Riscal, el Ayuntamiento de Elciego, Diputacio\u0301n Foral de A\u0301lava. Hasta la localidad riojana se desplazaron m<\/span><span style=\"font-weight: 400;\">\u00e1<\/span><span style=\"font-weight: 400;\">s de 3.600 personas.<\/span><\/p>\n<p><span style=\"font-weight: 400;\">\u00a0<\/span><span style=\"font-weight: 400;\">4<\/span><span style=\"font-weight: 400;\">\u00a0 <\/span><b>Circuito local y provincial de Jazz: <\/b><span style=\"font-weight: 400;\">M<\/span><span style=\"font-weight: 400;\">\u00e1<\/span><span style=\"font-weight: 400;\">s de 100 bandas y\/o formaciones formaron parte de una iniciativa <\/span><span style=\"font-weight: 400;\">\u00fa<\/span><span style=\"font-weight: 400;\">nica en todo el estado: ocho locales elegidos de distintos barrios de Vitoria-Gasteiz y Araba, se convirtieron en clubs de jazz cada fin de semana.<\/span><\/p>\n<p><span style=\"font-weight: 400;\">\u00a0<\/span><span style=\"font-weight: 400;\">5<\/span><span style=\"font-weight: 400;\">\u00a0 <\/span><b>Midnight Jazz Dinners: <\/b><span style=\"font-weight: 400;\">El maridaje y la experiencia creada a trav<\/span><span style=\"font-weight: 400;\">\u00e9<\/span><span style=\"font-weight: 400;\">s de las cenas tem<\/span><span style=\"font-weight: 400;\">\u00e1<\/span><span style=\"font-weight: 400;\">ticas de jazz en colaboraci<\/span><span style=\"font-weight: 400;\">\u00f3<\/span><span style=\"font-weight: 400;\">n con el restaurante MarmitaCo, han sido otra de esas acciones que no ha dejado indiferente a nadie.<\/span><\/p>\n<p><span style=\"font-weight: 400;\">\u00a0<\/span><span style=\"font-weight: 400;\">6<\/span><span style=\"font-weight: 400;\">\u00a0 <\/span><b>Master Class y Seminarios: <\/b><span style=\"font-weight: 400;\">Gracias a los acuerdos con los Conservatorios Superiores de Navarra y San Sebasti<\/span><span style=\"font-weight: 400;\">\u00e1<\/span><span style=\"font-weight: 400;\">n (Musikene), Departamento de Cultura de Gobierno Vasco creamos durante algo m<\/span><span style=\"font-weight: 400;\">\u00e1<\/span><span style=\"font-weight: 400;\">s de tres a<\/span><span style=\"font-weight: 400;\">\u00f1<\/span><span style=\"font-weight: 400;\">os varios seminarios y master class.<\/span><\/p>\n<p>[\/et_pb_text][\/et_pb_column][\/et_pb_row][\/et_pb_section]<\/p>\n","protected":false},"excerpt":{"rendered":"<p>\u00bfQ\u00fae es Ondas de Jazz?La Asociacio\u0301n Cultural Jazzargia, es una asociaci\u00f3n sin \u00e1nimo de lucro constituida hace 16 an\u0303os con el objetivo de difundir la cultura del jazz en todas sus formas.\u00a0 La junta la constituyen personas de muy distintos cortes culturales y sociales: escritores, periodistas, m\u00fasicos y compositores, productores, etc&#8230; Nuestro mayor inter\u00e9s, como [&hellip;]<\/p>\n","protected":false},"author":1,"featured_media":0,"parent":0,"menu_order":0,"comment_status":"closed","ping_status":"closed","template":"","meta":{"_acf_changed":false,"_et_pb_use_builder":"on","_et_pb_old_content":"<!-- wp:divi\/placeholder \/-->","_et_gb_content_width":"","_monsterinsights_skip_tracking":false,"_monsterinsights_sitenote_active":false,"_monsterinsights_sitenote_note":"","_monsterinsights_sitenote_category":0,"footnotes":""},"class_list":["post-1545","page","type-page","status-publish","hentry"],"acf":[],"yoast_head":"<!-- This site is optimized with the Yoast SEO plugin v27.5 - https:\/\/yoast.com\/product\/yoast-seo-wordpress\/ -->\n<title>Ondas de Jazz - Vitoria-Gasteiz<\/title>\n<meta name=\"description\" content=\"Ondas de Jazz nace en Vitoria-Gasteiz y es un proyecto de La Asociacio\u0301n Cultural Jazzargia con el objetivo de difundir la cultura del jazz.\" \/>\n<meta name=\"robots\" content=\"index, follow, max-snippet:-1, max-image-preview:large, max-video-preview:-1\" \/>\n<link rel=\"canonical\" href=\"https:\/\/www.ondasdejazz.com\/es\/ondas-de-jazz\/\" \/>\n<meta property=\"og:locale\" content=\"es_ES\" \/>\n<meta property=\"og:type\" content=\"article\" \/>\n<meta property=\"og:title\" content=\"Ondas de Jazz - Vitoria-Gasteiz\" \/>\n<meta property=\"og:description\" content=\"Ondas de Jazz nace en Vitoria-Gasteiz y es un proyecto de La Asociacio\u0301n Cultural Jazzargia con el objetivo de difundir la cultura del jazz.\" \/>\n<meta property=\"og:url\" content=\"https:\/\/www.ondasdejazz.com\/es\/ondas-de-jazz\/\" \/>\n<meta property=\"og:site_name\" content=\"Ondas de Jazz\" \/>\n<meta property=\"article:modified_time\" content=\"2023-03-23T12:12:43+00:00\" \/>\n<meta name=\"twitter:card\" content=\"summary_large_image\" \/>\n<meta name=\"twitter:label1\" content=\"Tiempo de lectura\" \/>\n\t<meta name=\"twitter:data1\" content=\"2 minutos\" \/>\n<script type=\"application\/ld+json\" class=\"yoast-schema-graph\">{\"@context\":\"https:\\\/\\\/schema.org\",\"@graph\":[{\"@type\":\"WebPage\",\"@id\":\"https:\\\/\\\/www.ondasdejazz.com\\\/es\\\/ondas-de-jazz\\\/\",\"url\":\"https:\\\/\\\/www.ondasdejazz.com\\\/es\\\/ondas-de-jazz\\\/\",\"name\":\"Ondas de Jazz - Vitoria-Gasteiz\",\"isPartOf\":{\"@id\":\"https:\\\/\\\/www.ondasdejazz.com\\\/es\\\/#website\"},\"datePublished\":\"2022-10-13T12:51:53+00:00\",\"dateModified\":\"2023-03-23T12:12:43+00:00\",\"description\":\"Ondas de Jazz nace en Vitoria-Gasteiz y es un proyecto de La Asociacio\u0301n Cultural Jazzargia con el objetivo de difundir la cultura del jazz.\",\"breadcrumb\":{\"@id\":\"https:\\\/\\\/www.ondasdejazz.com\\\/es\\\/ondas-de-jazz\\\/#breadcrumb\"},\"inLanguage\":\"es\",\"potentialAction\":[{\"@type\":\"ReadAction\",\"target\":[\"https:\\\/\\\/www.ondasdejazz.com\\\/es\\\/ondas-de-jazz\\\/\"]}]},{\"@type\":\"BreadcrumbList\",\"@id\":\"https:\\\/\\\/www.ondasdejazz.com\\\/es\\\/ondas-de-jazz\\\/#breadcrumb\",\"itemListElement\":[{\"@type\":\"ListItem\",\"position\":1,\"name\":\"Portada\",\"item\":\"https:\\\/\\\/www.ondasdejazz.com\\\/es\\\/inicio-asd32ewteq23\\\/\"},{\"@type\":\"ListItem\",\"position\":2,\"name\":\"Ondas de Jazz\"}]},{\"@type\":\"WebSite\",\"@id\":\"https:\\\/\\\/www.ondasdejazz.com\\\/es\\\/#website\",\"url\":\"https:\\\/\\\/www.ondasdejazz.com\\\/es\\\/\",\"name\":\"Ondas de Jazz\",\"description\":\"Ondas de Jazz en la Ciudad\",\"potentialAction\":[{\"@type\":\"SearchAction\",\"target\":{\"@type\":\"EntryPoint\",\"urlTemplate\":\"https:\\\/\\\/www.ondasdejazz.com\\\/es\\\/?s={search_term_string}\"},\"query-input\":{\"@type\":\"PropertyValueSpecification\",\"valueRequired\":true,\"valueName\":\"search_term_string\"}}],\"inLanguage\":\"es\"}]}<\/script>\n<!-- \/ Yoast SEO plugin. -->","yoast_head_json":{"title":"Ondas de Jazz - Vitoria-Gasteiz","description":"Ondas de Jazz nace en Vitoria-Gasteiz y es un proyecto de La Asociacio\u0301n Cultural Jazzargia con el objetivo de difundir la cultura del jazz.","robots":{"index":"index","follow":"follow","max-snippet":"max-snippet:-1","max-image-preview":"max-image-preview:large","max-video-preview":"max-video-preview:-1"},"canonical":"https:\/\/www.ondasdejazz.com\/es\/ondas-de-jazz\/","og_locale":"es_ES","og_type":"article","og_title":"Ondas de Jazz - Vitoria-Gasteiz","og_description":"Ondas de Jazz nace en Vitoria-Gasteiz y es un proyecto de La Asociacio\u0301n Cultural Jazzargia con el objetivo de difundir la cultura del jazz.","og_url":"https:\/\/www.ondasdejazz.com\/es\/ondas-de-jazz\/","og_site_name":"Ondas de Jazz","article_modified_time":"2023-03-23T12:12:43+00:00","twitter_card":"summary_large_image","twitter_misc":{"Tiempo de lectura":"2 minutos"},"schema":{"@context":"https:\/\/schema.org","@graph":[{"@type":"WebPage","@id":"https:\/\/www.ondasdejazz.com\/es\/ondas-de-jazz\/","url":"https:\/\/www.ondasdejazz.com\/es\/ondas-de-jazz\/","name":"Ondas de Jazz - Vitoria-Gasteiz","isPartOf":{"@id":"https:\/\/www.ondasdejazz.com\/es\/#website"},"datePublished":"2022-10-13T12:51:53+00:00","dateModified":"2023-03-23T12:12:43+00:00","description":"Ondas de Jazz nace en Vitoria-Gasteiz y es un proyecto de La Asociacio\u0301n Cultural Jazzargia con el objetivo de difundir la cultura del jazz.","breadcrumb":{"@id":"https:\/\/www.ondasdejazz.com\/es\/ondas-de-jazz\/#breadcrumb"},"inLanguage":"es","potentialAction":[{"@type":"ReadAction","target":["https:\/\/www.ondasdejazz.com\/es\/ondas-de-jazz\/"]}]},{"@type":"BreadcrumbList","@id":"https:\/\/www.ondasdejazz.com\/es\/ondas-de-jazz\/#breadcrumb","itemListElement":[{"@type":"ListItem","position":1,"name":"Portada","item":"https:\/\/www.ondasdejazz.com\/es\/inicio-asd32ewteq23\/"},{"@type":"ListItem","position":2,"name":"Ondas de Jazz"}]},{"@type":"WebSite","@id":"https:\/\/www.ondasdejazz.com\/es\/#website","url":"https:\/\/www.ondasdejazz.com\/es\/","name":"Ondas de Jazz","description":"Ondas de Jazz en la Ciudad","potentialAction":[{"@type":"SearchAction","target":{"@type":"EntryPoint","urlTemplate":"https:\/\/www.ondasdejazz.com\/es\/?s={search_term_string}"},"query-input":{"@type":"PropertyValueSpecification","valueRequired":true,"valueName":"search_term_string"}}],"inLanguage":"es"}]}},"_links":{"self":[{"href":"https:\/\/www.ondasdejazz.com\/es\/wp-json\/wp\/v2\/pages\/1545","targetHints":{"allow":["GET"]}}],"collection":[{"href":"https:\/\/www.ondasdejazz.com\/es\/wp-json\/wp\/v2\/pages"}],"about":[{"href":"https:\/\/www.ondasdejazz.com\/es\/wp-json\/wp\/v2\/types\/page"}],"author":[{"embeddable":true,"href":"https:\/\/www.ondasdejazz.com\/es\/wp-json\/wp\/v2\/users\/1"}],"replies":[{"embeddable":true,"href":"https:\/\/www.ondasdejazz.com\/es\/wp-json\/wp\/v2\/comments?post=1545"}],"version-history":[{"count":11,"href":"https:\/\/www.ondasdejazz.com\/es\/wp-json\/wp\/v2\/pages\/1545\/revisions"}],"predecessor-version":[{"id":2498,"href":"https:\/\/www.ondasdejazz.com\/es\/wp-json\/wp\/v2\/pages\/1545\/revisions\/2498"}],"wp:attachment":[{"href":"https:\/\/www.ondasdejazz.com\/es\/wp-json\/wp\/v2\/media?parent=1545"}],"curies":[{"name":"wp","href":"https:\/\/api.w.org\/{rel}","templated":true}]}}