{"id":50,"date":"2022-05-31T11:12:35","date_gmt":"2022-05-31T11:12:35","guid":{"rendered":"https:\/\/www.ondasdejazz.com\/?page_id=50"},"modified":"2025-11-26T11:59:52","modified_gmt":"2025-11-26T10:59:52","slug":"programacion","status":"publish","type":"page","link":"https:\/\/www.ondasdejazz.com\/es\/programacion\/","title":{"rendered":"Programaci\u00f3n"},"content":{"rendered":"<p>[et_pb_section fb_built=\u00bb1&#8243; _builder_version=\u00bb4.18.0&#8243; _module_preset=\u00bbdefault\u00bb background_color=\u00bb#c21631&#8243; global_colors_info=\u00bb{}\u00bb][et_pb_row _builder_version=\u00bb4.18.0&#8243; _module_preset=\u00bbdefault\u00bb global_colors_info=\u00bb{}\u00bb][et_pb_column type=\u00bb4_4&#8243; _builder_version=\u00bb4.18.0&#8243; _module_preset=\u00bbdefault\u00bb global_colors_info=\u00bb{}\u00bb][et_pb_text _builder_version=\u00bb4.18.0&#8243; _module_preset=\u00bbdefault\u00bb header_text_color=\u00bb#FFFFFF\u00bb global_colors_info=\u00bb{}\u00bb]<\/p>\n<h1>Programa Completo<\/h1>\n<p>[\/et_pb_text][\/et_pb_column][\/et_pb_row][\/et_pb_section][et_pb_section fb_built=\u00bb1&#8243; module_class=\u00bbsectiondark iconmap\u00bb _builder_version=\u00bb4.18.0&#8243; _module_preset=\u00bbdefault\u00bb background_color=\u00bb#000000&#8243; background_image=\u00bbhttps:\/\/www.ondasdejazz.com\/wp-content\/uploads\/2022\/09\/logo_white.png\u00bb global_colors_info=\u00bb{}\u00bb][et_pb_row disabled_on=\u00bboff|off|off\u00bb _builder_version=\u00bb4.27.4&#8243; _module_preset=\u00bbdefault\u00bb global_colors_info=\u00bb{}\u00bb][et_pb_column type=\u00bb4_4&#8243; _builder_version=\u00bb4.18.0&#8243; _module_preset=\u00bbdefault\u00bb global_colors_info=\u00bb{}\u00bb][et_pb_code disabled_on=\u00bboff|off|off\u00bb admin_label=\u00bbC\u00f3digo\u00bb _builder_version=\u00bb4.27.0&#8243; _module_preset=\u00bbdefault\u00bb global_colors_info=\u00bb{}\u00bb]      <div id=\"post-grid-lazy-2744\" class=\"post-grid-lazy\"><img decoding=\"async\" alt=\"\" src=\"\" \/><\/div>\n    <script>\n      jQuery('#post-grid-lazy-2744').ready(function($) {\n        $('#post-grid-lazy-2744').fadeOut();\n        $('#post-grid-2744   ').fadeIn();\n      })\n    <\/script>\n    <style type=\"text\/css\">\n      #post-grid-2744 {\n        display: none;\n      }\n\n      .post-grid-lazy {\n        text-align: center;\n      }\n    <\/style>\n    <div data-options='{&quot;id&quot;:&quot;2744&quot;,&quot;lazy_load&quot;:&quot;yes&quot;,&quot;masonry_enable&quot;:&quot;no&quot;,&quot;view_type&quot;:&quot;grid&quot;,&quot;no_posts_text&quot;:&quot;&quot;}' id=\"post-grid-2744\" class=\"post-grid grid\">\n    \n\n\n    <div class=\"grid-items\">\n      <div class=\"item item-4995 skin flat even 0 \">\n        <div class=\"layer-wrapper layout-379\">\n          <div class=\"element element_1654703331085  thumb_link \">\r\n                    <a target=\"_self\" href=\"https:\/\/www.ondasdejazz.com\/es\/artista\/vocal-groove-faith-collective-09-12-2025\/\"><img decoding=\"async\"\r\n                    alt=\"\" src=\"https:\/\/www.ondasdejazz.com\/wp-content\/uploads\/2025\/11\/vocal_groove_9_dic_r-1024x546.jpg\"><\/a>\r\n            <\/div>\r\n    <div class=\"element element_1654703352686  title \">\r\n                    <a target=\"_self\"\r\n                href=\"https:\/\/www.ondasdejazz.com\/es\/artista\/vocal-groove-faith-collective-09-12-2025\/\">Vocal Groove &amp; Faith Collective - 09\/12\/2025<\/a>\r\n            <\/div>\r\n        <div class=\"element element_1666005077985  html \">\r\n            <p>19h - Conservatorio de M\u00fasica Jesus Guridi<\/p>\n        <\/div>\r\n        <div class=\"element element_1666002724352  excerpt \">\r\n                    <\/div>\r\n            <a class=\"element element_1666002695086  read_more \"\r\n            target=\"_self\"\r\n            href=\"https:\/\/www.ondasdejazz.com\/es\/artista\/vocal-groove-faith-collective-09-12-2025\/\">m\u00e1s informaci\u00f3n<\/a>\r\n            <div class=\"element element_1666003085087  html \">\r\n            <p><a href=\"https:\/\/www.ondasdejazz.com\/es\/venta-de-entradas\/\">Comprar entradas<\/a><\/p>\n        <\/div>\r\n        <\/div>\n  <\/div><div class=\"item item-4996 skin flat odd 1 \">\n        <div class=\"layer-wrapper layout-379\">\n          <div class=\"element element_1654703331085  thumb_link \">\r\n                    <a target=\"_self\" href=\"https:\/\/www.ondasdejazz.com\/es\/artista\/juanma-montoya-20-01-2026\/\"><img decoding=\"async\"\r\n                    alt=\"\" src=\"https:\/\/www.ondasdejazz.com\/wp-content\/uploads\/2025\/11\/juanma_montoya_20_ene_r-1024x546.jpg\"><\/a>\r\n            <\/div>\r\n    <div class=\"element element_1654703352686  title \">\r\n                    <a target=\"_self\"\r\n                href=\"https:\/\/www.ondasdejazz.com\/es\/artista\/juanma-montoya-20-01-2026\/\">Juanma Montoya - 20\/01\/2026<\/a>\r\n            <\/div>\r\n        <div class=\"element element_1666005077985  html \">\r\n            <p>19h - Conservatorio de M\u00fasica Jesus Guridi<\/p>\n        <\/div>\r\n        <div class=\"element element_1666002724352  excerpt \">\r\n                    <\/div>\r\n            <a class=\"element element_1666002695086  read_more \"\r\n            target=\"_self\"\r\n            href=\"https:\/\/www.ondasdejazz.com\/es\/artista\/juanma-montoya-20-01-2026\/\">m\u00e1s informaci\u00f3n<\/a>\r\n            <div class=\"element element_1666003085087  html \">\r\n            <p><a href=\"https:\/\/www.ondasdejazz.com\/es\/venta-de-entradas\/\">Comprar entradas<\/a><\/p>\n        <\/div>\r\n        <\/div>\n  <\/div><div class=\"item item-4997 skin flat even 2 \">\n        <div class=\"layer-wrapper layout-379\">\n          <div class=\"element element_1654703331085  thumb_link \">\r\n                    <a target=\"_self\" href=\"https:\/\/www.ondasdejazz.com\/es\/artista\/combos-escuela-musica-luis-aramburu-jesus-guridi-24-02-2026\/\"><img decoding=\"async\"\r\n                    alt=\"\" src=\"https:\/\/www.ondasdejazz.com\/wp-content\/uploads\/2025\/11\/combos_17_feb_r-1024x546.jpg\"><\/a>\r\n            <\/div>\r\n    <div class=\"element element_1654703352686  title \">\r\n                    <a target=\"_self\"\r\n                href=\"https:\/\/www.ondasdejazz.com\/es\/artista\/combos-escuela-musica-luis-aramburu-jesus-guridi-24-02-2026\/\">Combos Escuela M\u00fasica Luis Aramburu &amp; Jes\u00fas Guridi - 24\/02\/2026<\/a>\r\n            <\/div>\r\n        <div class=\"element element_1666005077985  html \">\r\n            <p>19h - Conservatorio de M\u00fasica Jesus Guridi<\/p>\n        <\/div>\r\n        <div class=\"element element_1666002724352  excerpt \">\r\n                    <\/div>\r\n            <a class=\"element element_1666002695086  read_more \"\r\n            target=\"_self\"\r\n            href=\"https:\/\/www.ondasdejazz.com\/es\/artista\/combos-escuela-musica-luis-aramburu-jesus-guridi-24-02-2026\/\">m\u00e1s informaci\u00f3n<\/a>\r\n            <div class=\"element element_1666003085087  html \">\r\n            <p><a href=\"https:\/\/www.ondasdejazz.com\/es\/venta-de-entradas\/\">Comprar entradas<\/a><\/p>\n        <\/div>\r\n        <\/div>\n  <\/div><div class=\"item item-4998 skin flat odd 3 \">\n        <div class=\"layer-wrapper layout-379\">\n          <div class=\"element element_1654703331085  thumb_link \">\r\n                    <a target=\"_self\" href=\"https:\/\/www.ondasdejazz.com\/es\/artista\/big-bands-escuela-musica-luis-aramburu-jesus-guridi-10-03-2026\/\"><img decoding=\"async\"\r\n                    alt=\"\" src=\"https:\/\/www.ondasdejazz.com\/wp-content\/uploads\/2025\/11\/big_bands_17_feb_r-1024x546.jpg\"><\/a>\r\n            <\/div>\r\n    <div class=\"element element_1654703352686  title \">\r\n                    <a target=\"_self\"\r\n                href=\"https:\/\/www.ondasdejazz.com\/es\/artista\/big-bands-escuela-musica-luis-aramburu-jesus-guridi-10-03-2026\/\">Big Bands Escuela M\u00fasica Luis Aramburu &amp; Jes\u00fas Guridi - 10\/03\/2026<\/a>\r\n            <\/div>\r\n        <div class=\"element element_1666005077985  html \">\r\n            <p>19h - Conservatorio de M\u00fasica Jesus Guridi<\/p>\n        <\/div>\r\n        <div class=\"element element_1666002724352  excerpt \">\r\n                    <\/div>\r\n            <a class=\"element element_1666002695086  read_more \"\r\n            target=\"_self\"\r\n            href=\"https:\/\/www.ondasdejazz.com\/es\/artista\/big-bands-escuela-musica-luis-aramburu-jesus-guridi-10-03-2026\/\">m\u00e1s informaci\u00f3n<\/a>\r\n            <div class=\"element element_1666003085087  html \">\r\n            <p><a href=\"https:\/\/www.ondasdejazz.com\/es\/venta-de-entradas\/\">Comprar entradas<\/a><\/p>\n        <\/div>\r\n        <\/div>\n  <\/div><div class=\"item item-5000 skin flat even 4 \">\n        <div class=\"layer-wrapper layout-379\">\n          <div class=\"element element_1654703331085  thumb_link \">\r\n                    <a target=\"_self\" href=\"https:\/\/www.ondasdejazz.com\/es\/artista\/astrid-canales-14-04-2026\/\"><img decoding=\"async\"\r\n                    alt=\"\" src=\"https:\/\/www.ondasdejazz.com\/wp-content\/uploads\/2025\/11\/astrid_canales_14_abr_r-1024x546.jpg\"><\/a>\r\n            <\/div>\r\n    <div class=\"element element_1654703352686  title \">\r\n                    <a target=\"_self\"\r\n                href=\"https:\/\/www.ondasdejazz.com\/es\/artista\/astrid-canales-14-04-2026\/\">Astrid Canales - 14\/04\/2026<\/a>\r\n            <\/div>\r\n        <div class=\"element element_1666005077985  html \">\r\n            <p>19h - Conservatorio de M\u00fasica Jesus Guridi<\/p>\n        <\/div>\r\n        <div class=\"element element_1666002724352  excerpt \">\r\n                    <\/div>\r\n            <a class=\"element element_1666002695086  read_more \"\r\n            target=\"_self\"\r\n            href=\"https:\/\/www.ondasdejazz.com\/es\/artista\/astrid-canales-14-04-2026\/\">m\u00e1s informaci\u00f3n<\/a>\r\n            <div class=\"element element_1666003085087  html \">\r\n            <p><a href=\"https:\/\/www.ondasdejazz.com\/es\/venta-de-entradas\/\">Comprar entradas<\/a><\/p>\n        <\/div>\r\n        <\/div>\n  <\/div><div class=\"item item-5001 skin flat odd 5 \">\n        <div class=\"layer-wrapper layout-379\">\n          <div class=\"element element_1654703331085  thumb_link \">\r\n                    <a target=\"_self\" href=\"https:\/\/www.ondasdejazz.com\/es\/artista\/euskal-bostkote-el-quinteto-del-xx-aniversario-26-05-2026\/\"><img decoding=\"async\"\r\n                    alt=\"\" src=\"https:\/\/www.ondasdejazz.com\/wp-content\/uploads\/2025\/11\/euskal_Bostkote_r-1024x546.jpg\"><\/a>\r\n            <\/div>\r\n    <div class=\"element element_1654703352686  title \">\r\n                    <a target=\"_self\"\r\n                href=\"https:\/\/www.ondasdejazz.com\/es\/artista\/euskal-bostkote-el-quinteto-del-xx-aniversario-26-05-2026\/\">Euskal Bostkote: El Quinteto del XX Aniversario - 26\/05\/2026<\/a>\r\n            <\/div>\r\n        <div class=\"element element_1666005077985  html \">\r\n            <p>19h - Conservatorio de M\u00fasica Jesus Guridi<\/p>\n        <\/div>\r\n        <div class=\"element element_1666002724352  excerpt \">\r\n                    <\/div>\r\n            <a class=\"element element_1666002695086  read_more \"\r\n            target=\"_self\"\r\n            href=\"https:\/\/www.ondasdejazz.com\/es\/artista\/euskal-bostkote-el-quinteto-del-xx-aniversario-26-05-2026\/\">m\u00e1s informaci\u00f3n<\/a>\r\n            <div class=\"element element_1666003085087  html \">\r\n            <p><a href=\"https:\/\/www.ondasdejazz.com\/es\/venta-de-entradas\/\">Comprar entradas<\/a><\/p>\n        <\/div>\r\n        <\/div>\n  <\/div>    <\/div>\n    <div class=\"pagination\">\n      <div class=\"paginate\">\n      <\/div>\n  <style type=\"text\/css\">\n    #post-grid-2744 .pagination .page-numbers {\n      font-size: 16px;\n      color: #fff;\n      background: #646464;\n    }\n\n    #post-grid-2744 .pagination .page-numbers:hover,\n    #post-grid-2744 .pagination .page-numbers.current {\n      background: #4b4b4b;\n    }\n  <\/style>\n  <\/div>\n    <style type=\"text\/css\">\r\n        .layout-379 .element_1654703331085 {\r\n            overflow: hidden;\r\n                    }\r\n\r\n        .layout-379 .element_1654703331085 img {\r\n            max-width: 100%;\r\n            height: auto;\r\n        }\r\n\r\n        @media only screen and (min-width: 1024px) {\r\n            .layout-379 .element_1654703331085 {\r\n                            }\r\n        }\r\n\r\n        @media only screen and (min-width: 768px) and (max-width: 1023px) {\r\n            .layout-379 .element_1654703331085 {\r\n                            }\r\n        }\r\n\r\n        @media only screen and (min-width: 0px) and (max-width: 767px) {\r\n            .layout-379 .element_1654703331085 {\r\n                            }\r\n        }\r\n    <\/style>\r\n    <style type=\"text\/css\">\r\n        .layout-379 .element_1654703352686 {\r\n            font-size: 20px;\r\n            margin: 10px 0;\r\n            text-align: left;\r\n                    }\r\n\r\n        .layout-379 .element_1654703352686 a {\r\n            font-size: 20px;\r\n            margin: 10px 0;\r\n            text-align: left;\r\n                    }\r\n    <\/style>\r\n    <style type=\"text\/css\">\r\n        .layout-379.element_1666005077985 {\r\n            text-align: left;\r\n                    }\r\n\r\n            <\/style>\r\n    <style type=\"text\/css\">\r\n        .layout-379 .element_1666002724352 {\r\n            font-size: 15px;\r\n            margin: 10px 0;\r\n            text-align: left;\r\n                    }\r\n\r\n        .layout-379 .element_1666002724352 a {\r\n            font-size: 15px;\r\n                    }\r\n    <\/style>\r\n    <style type=\"text\/css\">\r\n        .layout-379 .element_1666002695086 {\r\n            text-align: left;\r\n                    }\r\n\r\n        .layout-379 .element_1666002695086 a {\r\n                    }\r\n    <\/style>\r\n    <style type=\"text\/css\">\r\n        .layout-379.element_1666003085087 {\r\n            text-align: left;\r\n                    }\r\n\r\n            <\/style>\r\n      <script>\n          <\/script>\n    <style type=\"text\/css\">\n    #post-grid-2744 {\n      padding: 10px;\n          }\n\n    #post-grid-2744 .item {\n      padding: 0px;\n      background: #fff;\n          }\n\n    #post-grid-2744 .item .layer-media {\n      height:auto;    }\n\n    @media only screen and (min-width: 0px) and (max-width: 767px) {\n      #post-grid-2744 .grid-items {\n        display: grid;\n        grid-template-columns: 1fr ;\n        column-gap: 10px;\n        row-gap: 10px;\n              }\n\n      #post-grid-2744 .item {\n        height:auto;      }\n    }\n\n    @media only screen and (min-width: 768px) and (max-width: 1023px) {\n      #post-grid-2744 .grid-items {\n        display: grid;\n        grid-template-columns: 1fr ;\n        column-gap: 10px;\n        row-gap: 10px;\n              }\n\n      #post-grid-2744 .item {\n        max-height:auto;      }\n    }\n\n    @media only screen and (min-width: 1024px) {\n      #post-grid-2744 .grid-items {\n        display: grid;\n        grid-template-columns: 1fr ;\n        column-gap: 10px;\n        row-gap: 10px;\n              }\n\n      #post-grid-2744 .item {\n        height:auto;      }\n    }\n\n      <\/style>\n  <\/div>\n[\/et_pb_code][\/et_pb_column][\/et_pb_row][et_pb_row disabled_on=\u00bbon|on|on\u00bb _builder_version=\u00bb4.27.4&#8243; _module_preset=\u00bbdefault\u00bb disabled=\u00bbon\u00bb global_colors_info=\u00bb{}\u00bb][et_pb_column type=\u00bb4_4&#8243; _builder_version=\u00bb4.27.4&#8243; _module_preset=\u00bbdefault\u00bb global_colors_info=\u00bb{}\u00bb][et_pb_text _builder_version=\u00bb4.27.4&#8243; _module_preset=\u00bbdefault\u00bb global_colors_info=\u00bb{}\u00bb]<\/p>\n<p>Proximamente&#8230;<\/p>\n<p>[\/et_pb_text][\/et_pb_column][\/et_pb_row][\/et_pb_section][et_pb_section fb_built=\u00bb1&#8243; _builder_version=\u00bb4.27.4&#8243; _module_preset=\u00bbdefault\u00bb background_color=\u00bb#c21631&#8243; hover_enabled=\u00bb0&#8243; global_colors_info=\u00bb{}\u00bb sticky_enabled=\u00bb0&#8243;][et_pb_row disabled_on=\u00bboff|off|off\u00bb _builder_version=\u00bb4.27.4&#8243; _module_preset=\u00bbdefault\u00bb hover_enabled=\u00bb0&#8243; global_colors_info=\u00bb{}\u00bb sticky_enabled=\u00bb0&#8243;][et_pb_column type=\u00bb4_4&#8243; _builder_version=\u00bb4.27.2&#8243; _module_preset=\u00bbdefault\u00bb global_colors_info=\u00bb{}\u00bb][et_pb_image src=\u00bbhttps:\/\/www.ondasdejazz.com\/wp-content\/uploads\/2025\/11\/PatrocinadoresOndasdeJazz2025-26.png\u00bb title_text=\u00bbPatrocinadoresOndasdeJazz2025-26&#8243; _builder_version=\u00bb4.27.4&#8243; _module_preset=\u00bbdefault\u00bb hover_enabled=\u00bb0&#8243; global_colors_info=\u00bb{}\u00bb sticky_enabled=\u00bb0&#8243;][\/et_pb_image][\/et_pb_column][\/et_pb_row][\/et_pb_section][et_pb_section fb_built=\u00bb1&#8243; _builder_version=\u00bb4.19.4&#8243; _module_preset=\u00bbdefault\u00bb background_color=\u00bb#000000&#8243; global_module=\u00bb2315&#8243; global_colors_info=\u00bb{}\u00bb][et_pb_row _builder_version=\u00bb4.19.4&#8243; _module_preset=\u00bbdefault\u00bb global_colors_info=\u00bb{}\u00bb][et_pb_column type=\u00bb4_4&#8243; _builder_version=\u00bb4.19.4&#8243; _module_preset=\u00bbdefault\u00bb global_colors_info=\u00bb{}\u00bb][et_pb_text _builder_version=\u00bb4.19.4&#8243; _module_preset=\u00bbdefault\u00bb header_text_color=\u00bb#FFFFFF\u00bb header_2_text_color=\u00bb#FFFFFF\u00bb global_colors_info=\u00bb{}\u00bb]<\/p>\n<h2 style=\"text-align: center;\"><span style=\"font-weight: 400;\">Suscr\u00edbete a nuestra newsletter<\/span><\/h2>\n<p>[\/et_pb_text][et_pb_code _builder_version=\u00bb4.19.4&#8243; _module_preset=\u00bbdefault\u00bb global_colors_info=\u00bb{}\u00bb]<!-- Begin Mailchimp Signup Form --><!-- [et_pb_line_break_holder] --><link href=\"\/\/cdn-images.mailchimp.com\/embedcode\/classic-071822.css\" rel=\"stylesheet\" type=\"text\/css\"><!-- [et_pb_line_break_holder] --><\/p>\n<div id=\"mc_embed_signup\"><!-- [et_pb_line_break_holder] -->    <\/p>\n<form action=\"https:\/\/ondasdejazz.us3.list-manage.com\/subscribe\/post?u=b205541a7dd72cc00010f5284&#038;id=d842d5bdfe&#038;f_id=00ac1ce2f0\" method=\"post\" id=\"mc-embedded-subscribe-form\" name=\"mc-embedded-subscribe-form\" class=\"validate\" target=\"_blank\" novalidate><!-- [et_pb_line_break_holder] -->        <\/p>\n<div id=\"mc_embed_signup_scroll\"><!-- [et_pb_line_break_holder] -->        <\/p>\n<div class=\"indicates-required\"><span class=\"asterisk\">*<\/span> requerido<\/div>\n<p><!-- [et_pb_line_break_holder] --><\/p>\n<div class=\"mc-field-group\"><!-- [et_pb_line_break_holder] -->\t<label for=\"mce-EMAIL\">Email<span class=\"asterisk\">*<\/span><\/label><!-- [et_pb_line_break_holder] -->\t<input type=\"email\" value=\"\" name=\"EMAIL\" class=\"required email\" id=\"mce-EMAIL\" required><!-- [et_pb_line_break_holder] -->\t<span id=\"mce-EMAIL-HELPERTEXT\" class=\"helper_text\"><\/span><!-- [et_pb_line_break_holder] --><\/div>\n<p><!-- [et_pb_line_break_holder] --><\/p>\n<div class=\"mc-field-group\"><!-- [et_pb_line_break_holder] -->\t<label for=\"mce-FNAME\">Nombre <\/label><!-- [et_pb_line_break_holder] -->\t<input type=\"text\" value=\"\" name=\"FNAME\" class=\"\" id=\"mce-FNAME\"><!-- [et_pb_line_break_holder] -->\t<span id=\"mce-FNAME-HELPERTEXT\" class=\"helper_text\"><\/span><!-- [et_pb_line_break_holder] --><\/div>\n<p><!-- [et_pb_line_break_holder] --><\/p>\n<div class=\"mc-field-group\"><!-- [et_pb_line_break_holder] -->\t<label for=\"mce-MMERGE3\">Tel\u00e9fono <\/label><!-- [et_pb_line_break_holder] -->\t<input type=\"number\" name=\"MMERGE3\" class=\"\" value=\"\" id=\"mce-MMERGE3\"><!-- [et_pb_line_break_holder] -->\t<span id=\"mce-MMERGE3-HELPERTEXT\" class=\"helper_text\">Si quiere recibir informaci\u00f3n por WhatsApp (opcional)<\/span><!-- [et_pb_line_break_holder] --><\/div>\n<p><!-- [et_pb_line_break_holder] -->\t<\/p>\n<div id=\"mce-responses\" class=\"clear foot\"><!-- [et_pb_line_break_holder] -->\t\t<\/p>\n<div class=\"response\" id=\"mce-error-response\" style=\"display:none\"><\/div>\n<p><!-- [et_pb_line_break_holder] -->\t\t<\/p>\n<div class=\"response\" id=\"mce-success-response\" style=\"display:none\"><\/div>\n<p><!-- [et_pb_line_break_holder] -->\t<\/div>\n<p>    <!-- real people should not fill this in and expect good things - do not remove this or risk form bot signups--><!-- [et_pb_line_break_holder] -->    <\/p>\n<div style=\"position: absolute; left: -5000px;\" aria-hidden=\"true\"><input type=\"text\" name=\"b_b205541a7dd72cc00010f5284_d842d5bdfe\" tabindex=\"-1\" value=\"\"><\/div>\n<p><!-- [et_pb_line_break_holder] -->        <\/p>\n<div class=\"optionalParent\"><!-- [et_pb_line_break_holder] -->            <\/p>\n<div class=\"clear foot\"><!-- [et_pb_line_break_holder] -->                <input type=\"submit\" value=\"Suscribirse\" name=\"subscribe\" id=\"mc-embedded-subscribe\" class=\"button\"><!-- [et_pb_line_break_holder] -->                <!--p class=\"brandingLogo\"><a href=\"http:\/\/eepurl.com\/ibO6In\" title=\"Mailchimp - email marketing made easy and fun\"><img decoding=\"async\" src=\"https:\/\/eep.io\/mc-cdn-images\/template_images\/branding_logo_text_dark_dtp.svg\"><\/a><\/p--><!-- [et_pb_line_break_holder] -->            <\/div>\n<p><!-- [et_pb_line_break_holder] -->        <\/div>\n<p><!-- [et_pb_line_break_holder] -->    <\/div>\n<p><!-- [et_pb_line_break_holder] --><\/form>\n<p><!-- [et_pb_line_break_holder] --><\/div>\n<p><!-- [et_pb_line_break_holder] --><script type='text\/javascript' src='\/\/s3.amazonaws.com\/downloads.mailchimp.com\/js\/mc-validate.js'><\/script><script type='text\/javascript'>(function($) {window.fnames = new Array(); window.ftypes = new Array();fnames[0]='EMAIL';ftypes[0]='email';fnames[1]='FNAME';ftypes[1]='text';fnames[2]='LNAME';ftypes[2]='text';fnames[3]='MMERGE3';ftypes[3]='number';}(jQuery));var $mcj = jQuery.noConflict(true);<\/script><!-- [et_pb_line_break_holder] --><!--End mc_embed_signup-->[\/et_pb_code][\/et_pb_column][\/et_pb_row][\/et_pb_section][et_pb_section fb_built=\u00bb1&#8243; fullwidth=\u00bbon\u00bb _builder_version=\u00bb4.18.0&#8243; _module_preset=\u00bbdefault\u00bb global_colors_info=\u00bb{}\u00bb][et_pb_fullwidth_code _builder_version=\u00bb4.18.0&#8243; _module_preset=\u00bbdefault\u00bb global_colors_info=\u00bb{}\u00bb]<iframe src=\"https:\/\/www.google.com\/maps\/embed?pb=!1m18!1m12!1m3!1d2924.8093649492725!2d-2.683206784240672!3d42.8557583116446!2m3!1f0!2f0!3f0!3m2!1i1024!2i768!4f13.1!3m3!1m2!1s0xd4fc23f583d425b%3A0x79c664289c88caa5!2sConservatorio%20de%20M%C3%BAsica%20Jes%C3%BAs%20Guridi!5e0!3m2!1ses!2ses!4v1666003242222!5m2!1ses!2ses\" width=\"600\" height=\"450\" style=\"width:100%;height:450px;border:0;\" allowfullscreen=\"\" loading=\"lazy\" referrerpolicy=\"no-referrer-when-downgrade\"><\/iframe>[\/et_pb_fullwidth_code][\/et_pb_section]<\/p>\n","protected":false},"excerpt":{"rendered":"<p>[et_pb_section fb_built=\u00bb1&#8243; _builder_version=\u00bb4.18.0&#8243; _module_preset=\u00bbdefault\u00bb background_color=\u00bb#c21631&#8243; global_colors_info=\u00bb{}\u00bb][et_pb_row _builder_version=\u00bb4.18.0&#8243; _module_preset=\u00bbdefault\u00bb global_colors_info=\u00bb{}\u00bb][et_pb_column type=\u00bb4_4&#8243; _builder_version=\u00bb4.18.0&#8243; _module_preset=\u00bbdefault\u00bb global_colors_info=\u00bb{}\u00bb][et_pb_text _builder_version=\u00bb4.18.0&#8243; _module_preset=\u00bbdefault\u00bb header_text_color=\u00bb#FFFFFF\u00bb global_colors_info=\u00bb{}\u00bb] Programa Completo [\/et_pb_text][\/et_pb_column][\/et_pb_row][\/et_pb_section][et_pb_section fb_built=\u00bb1&#8243; module_class=\u00bbsectiondark iconmap\u00bb _builder_version=\u00bb4.18.0&#8243; _module_preset=\u00bbdefault\u00bb background_color=\u00bb#000000&#8243; background_image=\u00bbhttps:\/\/www.ondasdejazz.com\/wp-content\/uploads\/2022\/09\/logo_white.png\u00bb global_colors_info=\u00bb{}\u00bb][et_pb_row disabled_on=\u00bboff|off|off\u00bb _builder_version=\u00bb4.27.4&#8243; _module_preset=\u00bbdefault\u00bb global_colors_info=\u00bb{}\u00bb][et_pb_column type=\u00bb4_4&#8243; _builder_version=\u00bb4.18.0&#8243; _module_preset=\u00bbdefault\u00bb global_colors_info=\u00bb{}\u00bb][et_pb_code disabled_on=\u00bboff|off|off\u00bb admin_label=\u00bbC\u00f3digo\u00bb _builder_version=\u00bb4.27.0&#8243; _module_preset=\u00bbdefault\u00bb global_colors_info=\u00bb{}\u00bb][\/et_pb_code][\/et_pb_column][\/et_pb_row][et_pb_row disabled_on=\u00bbon|on|on\u00bb _builder_version=\u00bb4.27.4&#8243; _module_preset=\u00bbdefault\u00bb disabled=\u00bbon\u00bb global_colors_info=\u00bb{}\u00bb][et_pb_column type=\u00bb4_4&#8243; _builder_version=\u00bb4.27.4&#8243; _module_preset=\u00bbdefault\u00bb global_colors_info=\u00bb{}\u00bb][et_pb_text _builder_version=\u00bb4.27.4&#8243; _module_preset=\u00bbdefault\u00bb global_colors_info=\u00bb{}\u00bb] Proximamente&#8230; [\/et_pb_text][\/et_pb_column][\/et_pb_row][\/et_pb_section][et_pb_section [&hellip;]<\/p>\n","protected":false},"author":1,"featured_media":0,"parent":0,"menu_order":0,"comment_status":"closed","ping_status":"closed","template":"","meta":{"_acf_changed":false,"_et_pb_use_builder":"on","_et_pb_old_content":"","_et_gb_content_width":"","_monsterinsights_skip_tracking":false,"_monsterinsights_sitenote_active":false,"_monsterinsights_sitenote_note":"","_monsterinsights_sitenote_category":0,"footnotes":""},"class_list":["post-50","page","type-page","status-publish","hentry"],"acf":[],"yoast_head":"<!-- This site is optimized with the Yoast SEO plugin v27.4 - https:\/\/yoast.com\/product\/yoast-seo-wordpress\/ -->\n<title>Programaci\u00f3n - Ondas de Jazz<\/title>\n<meta name=\"description\" content=\"Programaci\u00f3n de la XVII edici\u00f3n de Ondas de Jazz. Fran Serrano, David Sancho, Tord Gustavsen, Coloma Bertran, Ester Quevedo, Carlos Bica etc.\" \/>\n<meta name=\"robots\" content=\"index, follow, max-snippet:-1, max-image-preview:large, max-video-preview:-1\" \/>\n<link rel=\"canonical\" href=\"https:\/\/www.ondasdejazz.com\/es\/programacion\/\" \/>\n<meta property=\"og:locale\" content=\"es_ES\" \/>\n<meta property=\"og:type\" content=\"article\" \/>\n<meta property=\"og:title\" content=\"Programaci\u00f3n - Ondas de Jazz\" \/>\n<meta property=\"og:description\" content=\"Programaci\u00f3n de la XVII edici\u00f3n de Ondas de Jazz. Fran Serrano, David Sancho, Tord Gustavsen, Coloma Bertran, Ester Quevedo, Carlos Bica etc.\" \/>\n<meta property=\"og:url\" content=\"https:\/\/www.ondasdejazz.com\/es\/programacion\/\" \/>\n<meta property=\"og:site_name\" content=\"Ondas de Jazz\" \/>\n<meta property=\"article:modified_time\" content=\"2025-11-26T10:59:52+00:00\" \/>\n<meta property=\"og:image\" content=\"https:\/\/eep.io\/mc-cdn-images\/template_images\/branding_logo_text_dark_dtp.svg\" \/>\n<meta name=\"twitter:card\" content=\"summary_large_image\" \/>\n<meta name=\"twitter:label1\" content=\"Tiempo de lectura\" \/>\n\t<meta name=\"twitter:data1\" content=\"1 minuto\" \/>\n<script type=\"application\/ld+json\" class=\"yoast-schema-graph\">{\"@context\":\"https:\\\/\\\/schema.org\",\"@graph\":[{\"@type\":\"WebPage\",\"@id\":\"https:\\\/\\\/www.ondasdejazz.com\\\/es\\\/programacion\\\/\",\"url\":\"https:\\\/\\\/www.ondasdejazz.com\\\/es\\\/programacion\\\/\",\"name\":\"Programaci\u00f3n - Ondas de Jazz\",\"isPartOf\":{\"@id\":\"https:\\\/\\\/www.ondasdejazz.com\\\/es\\\/#website\"},\"primaryImageOfPage\":{\"@id\":\"https:\\\/\\\/www.ondasdejazz.com\\\/es\\\/programacion\\\/#primaryimage\"},\"image\":{\"@id\":\"https:\\\/\\\/www.ondasdejazz.com\\\/es\\\/programacion\\\/#primaryimage\"},\"thumbnailUrl\":\"https:\\\/\\\/eep.io\\\/mc-cdn-images\\\/template_images\\\/branding_logo_text_dark_dtp.svg\",\"datePublished\":\"2022-05-31T11:12:35+00:00\",\"dateModified\":\"2025-11-26T10:59:52+00:00\",\"description\":\"Programaci\u00f3n de la XVII edici\u00f3n de Ondas de Jazz. Fran Serrano, David Sancho, Tord Gustavsen, Coloma Bertran, Ester Quevedo, Carlos Bica etc.\",\"breadcrumb\":{\"@id\":\"https:\\\/\\\/www.ondasdejazz.com\\\/es\\\/programacion\\\/#breadcrumb\"},\"inLanguage\":\"es\",\"potentialAction\":[{\"@type\":\"ReadAction\",\"target\":[\"https:\\\/\\\/www.ondasdejazz.com\\\/es\\\/programacion\\\/\"]}]},{\"@type\":\"ImageObject\",\"inLanguage\":\"es\",\"@id\":\"https:\\\/\\\/www.ondasdejazz.com\\\/es\\\/programacion\\\/#primaryimage\",\"url\":\"https:\\\/\\\/eep.io\\\/mc-cdn-images\\\/template_images\\\/branding_logo_text_dark_dtp.svg\",\"contentUrl\":\"https:\\\/\\\/eep.io\\\/mc-cdn-images\\\/template_images\\\/branding_logo_text_dark_dtp.svg\"},{\"@type\":\"BreadcrumbList\",\"@id\":\"https:\\\/\\\/www.ondasdejazz.com\\\/es\\\/programacion\\\/#breadcrumb\",\"itemListElement\":[{\"@type\":\"ListItem\",\"position\":1,\"name\":\"Portada\",\"item\":\"https:\\\/\\\/www.ondasdejazz.com\\\/es\\\/inicio-asd32ewteq23\\\/\"},{\"@type\":\"ListItem\",\"position\":2,\"name\":\"Programaci\u00f3n\"}]},{\"@type\":\"WebSite\",\"@id\":\"https:\\\/\\\/www.ondasdejazz.com\\\/es\\\/#website\",\"url\":\"https:\\\/\\\/www.ondasdejazz.com\\\/es\\\/\",\"name\":\"Ondas de Jazz\",\"description\":\"Ondas de Jazz en la Ciudad\",\"potentialAction\":[{\"@type\":\"SearchAction\",\"target\":{\"@type\":\"EntryPoint\",\"urlTemplate\":\"https:\\\/\\\/www.ondasdejazz.com\\\/es\\\/?s={search_term_string}\"},\"query-input\":{\"@type\":\"PropertyValueSpecification\",\"valueRequired\":true,\"valueName\":\"search_term_string\"}}],\"inLanguage\":\"es\"}]}<\/script>\n<!-- \/ Yoast SEO plugin. -->","yoast_head_json":{"title":"Programaci\u00f3n - Ondas de Jazz","description":"Programaci\u00f3n de la XVII edici\u00f3n de Ondas de Jazz. Fran Serrano, David Sancho, Tord Gustavsen, Coloma Bertran, Ester Quevedo, Carlos Bica etc.","robots":{"index":"index","follow":"follow","max-snippet":"max-snippet:-1","max-image-preview":"max-image-preview:large","max-video-preview":"max-video-preview:-1"},"canonical":"https:\/\/www.ondasdejazz.com\/es\/programacion\/","og_locale":"es_ES","og_type":"article","og_title":"Programaci\u00f3n - Ondas de Jazz","og_description":"Programaci\u00f3n de la XVII edici\u00f3n de Ondas de Jazz. Fran Serrano, David Sancho, Tord Gustavsen, Coloma Bertran, Ester Quevedo, Carlos Bica etc.","og_url":"https:\/\/www.ondasdejazz.com\/es\/programacion\/","og_site_name":"Ondas de Jazz","article_modified_time":"2025-11-26T10:59:52+00:00","og_image":[{"url":"https:\/\/eep.io\/mc-cdn-images\/template_images\/branding_logo_text_dark_dtp.svg","type":"","width":"","height":""}],"twitter_card":"summary_large_image","twitter_misc":{"Tiempo de lectura":"1 minuto"},"schema":{"@context":"https:\/\/schema.org","@graph":[{"@type":"WebPage","@id":"https:\/\/www.ondasdejazz.com\/es\/programacion\/","url":"https:\/\/www.ondasdejazz.com\/es\/programacion\/","name":"Programaci\u00f3n - Ondas de Jazz","isPartOf":{"@id":"https:\/\/www.ondasdejazz.com\/es\/#website"},"primaryImageOfPage":{"@id":"https:\/\/www.ondasdejazz.com\/es\/programacion\/#primaryimage"},"image":{"@id":"https:\/\/www.ondasdejazz.com\/es\/programacion\/#primaryimage"},"thumbnailUrl":"https:\/\/eep.io\/mc-cdn-images\/template_images\/branding_logo_text_dark_dtp.svg","datePublished":"2022-05-31T11:12:35+00:00","dateModified":"2025-11-26T10:59:52+00:00","description":"Programaci\u00f3n de la XVII edici\u00f3n de Ondas de Jazz. Fran Serrano, David Sancho, Tord Gustavsen, Coloma Bertran, Ester Quevedo, Carlos Bica etc.","breadcrumb":{"@id":"https:\/\/www.ondasdejazz.com\/es\/programacion\/#breadcrumb"},"inLanguage":"es","potentialAction":[{"@type":"ReadAction","target":["https:\/\/www.ondasdejazz.com\/es\/programacion\/"]}]},{"@type":"ImageObject","inLanguage":"es","@id":"https:\/\/www.ondasdejazz.com\/es\/programacion\/#primaryimage","url":"https:\/\/eep.io\/mc-cdn-images\/template_images\/branding_logo_text_dark_dtp.svg","contentUrl":"https:\/\/eep.io\/mc-cdn-images\/template_images\/branding_logo_text_dark_dtp.svg"},{"@type":"BreadcrumbList","@id":"https:\/\/www.ondasdejazz.com\/es\/programacion\/#breadcrumb","itemListElement":[{"@type":"ListItem","position":1,"name":"Portada","item":"https:\/\/www.ondasdejazz.com\/es\/inicio-asd32ewteq23\/"},{"@type":"ListItem","position":2,"name":"Programaci\u00f3n"}]},{"@type":"WebSite","@id":"https:\/\/www.ondasdejazz.com\/es\/#website","url":"https:\/\/www.ondasdejazz.com\/es\/","name":"Ondas de Jazz","description":"Ondas de Jazz en la Ciudad","potentialAction":[{"@type":"SearchAction","target":{"@type":"EntryPoint","urlTemplate":"https:\/\/www.ondasdejazz.com\/es\/?s={search_term_string}"},"query-input":{"@type":"PropertyValueSpecification","valueRequired":true,"valueName":"search_term_string"}}],"inLanguage":"es"}]}},"_links":{"self":[{"href":"https:\/\/www.ondasdejazz.com\/es\/wp-json\/wp\/v2\/pages\/50","targetHints":{"allow":["GET"]}}],"collection":[{"href":"https:\/\/www.ondasdejazz.com\/es\/wp-json\/wp\/v2\/pages"}],"about":[{"href":"https:\/\/www.ondasdejazz.com\/es\/wp-json\/wp\/v2\/types\/page"}],"author":[{"embeddable":true,"href":"https:\/\/www.ondasdejazz.com\/es\/wp-json\/wp\/v2\/users\/1"}],"replies":[{"embeddable":true,"href":"https:\/\/www.ondasdejazz.com\/es\/wp-json\/wp\/v2\/comments?post=50"}],"version-history":[{"count":69,"href":"https:\/\/www.ondasdejazz.com\/es\/wp-json\/wp\/v2\/pages\/50\/revisions"}],"predecessor-version":[{"id":5020,"href":"https:\/\/www.ondasdejazz.com\/es\/wp-json\/wp\/v2\/pages\/50\/revisions\/5020"}],"wp:attachment":[{"href":"https:\/\/www.ondasdejazz.com\/es\/wp-json\/wp\/v2\/media?parent=50"}],"curies":[{"name":"wp","href":"https:\/\/api.w.org\/{rel}","templated":true}]}}